{"id":20338,"date":"2022-02-23T14:41:32","date_gmt":"2022-02-23T14:41:32","guid":{"rendered":"https:\/\/uat.ear.com.br\/about-us\/lideranca-e-governanca\/"},"modified":"2025-10-17T14:43:20","modified_gmt":"2025-10-17T14:43:20","slug":"lideranca-e-governanca","status":"publish","type":"page","link":"https:\/\/www.ear.com.br\/pt-br\/about-us\/lideranca-e-governanca\/","title":{"rendered":"Lideran\u00e7a e Governan\u00e7a"},"content":{"rendered":"\t\t<div data-elementor-type=\"wp-page\" data-elementor-id=\"20338\" class=\"elementor elementor-20338 elementor-20291\">\n\t\t\t\t\t\t\t\t\t<section data-dce-background-color=\"#F7F7F7\" data-dce-background-overlay-color=\"#000000\" data-dce-background-image-url=\"https:\/\/ear.com.br\/wp-content\/uploads\/2024\/03\/HEAD-About-us-leadership-and-governance-1-1.jpg\" class=\"elementor-section elementor-top-section elementor-element elementor-element-4ac93aed elementor-section-height-min-height elementor-section-boxed elementor-section-height-default elementor-section-items-middle\" data-id=\"4ac93aed\" data-element_type=\"section\" data-settings=\"{&quot;jet_parallax_layout_list&quot;:[{&quot;jet_parallax_layout_image&quot;:{&quot;url&quot;:&quot;&quot;,&quot;id&quot;:&quot;&quot;},&quot;_id&quot;:&quot;3409c09&quot;,&quot;jet_parallax_layout_image_tablet&quot;:{&quot;url&quot;:&quot;&quot;,&quot;id&quot;:&quot;&quot;},&quot;jet_parallax_layout_image_mobile&quot;:{&quot;url&quot;:&quot;&quot;,&quot;id&quot;:&quot;&quot;},&quot;jet_parallax_layout_speed&quot;:{&quot;unit&quot;:&quot;%&quot;,&quot;size&quot;:50,&quot;sizes&quot;:[]},&quot;jet_parallax_layout_type&quot;:&quot;scroll&quot;,&quot;jet_parallax_layout_direction&quot;:null,&quot;jet_parallax_layout_fx_direction&quot;:null,&quot;jet_parallax_layout_z_index&quot;:&quot;&quot;,&quot;jet_parallax_layout_bg_x&quot;:50,&quot;jet_parallax_layout_bg_x_tablet&quot;:&quot;&quot;,&quot;jet_parallax_layout_bg_x_mobile&quot;:&quot;&quot;,&quot;jet_parallax_layout_bg_y&quot;:50,&quot;jet_parallax_layout_bg_y_tablet&quot;:&quot;&quot;,&quot;jet_parallax_layout_bg_y_mobile&quot;:&quot;&quot;,&quot;jet_parallax_layout_bg_size&quot;:&quot;auto&quot;,&quot;jet_parallax_layout_bg_size_tablet&quot;:&quot;&quot;,&quot;jet_parallax_layout_bg_size_mobile&quot;:&quot;&quot;,&quot;jet_parallax_layout_animation_prop&quot;:&quot;transform&quot;,&quot;jet_parallax_layout_on&quot;:[&quot;desktop&quot;,&quot;tablet&quot;]}],&quot;background_background&quot;:&quot;classic&quot;}\">\n\t\t\t\t\t\t\t<div class=\"elementor-background-overlay\"><\/div>\n\t\t\t\t\t\t\t<div class=\"elementor-container elementor-column-gap-no\">\n\t\t\t\t\t<div class=\"elementor-column elementor-col-50 elementor-top-column elementor-element elementor-element-715c8cc2\" data-id=\"715c8cc2\" data-element_type=\"column\">\n\t\t\t<div class=\"elementor-widget-wrap elementor-element-populated\">\n\t\t\t\t\t\t\t\t<div class=\"elementor-element elementor-element-4dcecea5 elementor-widget elementor-widget-heading\" data-id=\"4dcecea5\" data-element_type=\"widget\" data-widget_type=\"heading.default\">\n\t\t\t\t<div class=\"elementor-widget-container\">\n\t\t\t<h1 class=\"elementor-heading-title elementor-size-default\">Estabelecendo a Base do Amanh\u00e3<\/h1>\t\t<\/div>\n\t\t\t\t<\/div>\n\t\t\t\t<div class=\"elementor-element elementor-element-29b64a04 elementor-widget-divider--view-line elementor-widget elementor-widget-divider\" data-id=\"29b64a04\" data-element_type=\"widget\" data-widget_type=\"divider.default\">\n\t\t\t\t<div class=\"elementor-widget-container\">\n\t\t\t\t\t<div class=\"elementor-divider\">\n\t\t\t<span class=\"elementor-divider-separator\">\n\t\t\t\t\t\t<\/span>\n\t\t<\/div>\n\t\t\t\t<\/div>\n\t\t\t\t<\/div>\n\t\t\t\t\t<\/div>\n\t\t<\/div>\n\t\t\t\t<div class=\"elementor-column elementor-col-50 elementor-top-column elementor-element elementor-element-421a4c62\" data-id=\"421a4c62\" data-element_type=\"column\">\n\t\t\t<div class=\"elementor-widget-wrap\">\n\t\t\t\t\t\t\t\t\t<\/div>\n\t\t<\/div>\n\t\t\t\t\t\t\t<\/div>\n\t\t<\/section>\n\t\t\t\t<section class=\"elementor-section elementor-top-section elementor-element elementor-element-59c662c1 elementor-section-stretched elementor-section-boxed elementor-section-height-default elementor-section-height-default\" data-id=\"59c662c1\" data-element_type=\"section\" data-settings=\"{&quot;stretch_section&quot;:&quot;section-stretched&quot;,&quot;jet_parallax_layout_list&quot;:[{&quot;jet_parallax_layout_image&quot;:{&quot;url&quot;:&quot;&quot;,&quot;id&quot;:&quot;&quot;},&quot;_id&quot;:&quot;b293334&quot;,&quot;jet_parallax_layout_image_tablet&quot;:{&quot;url&quot;:&quot;&quot;,&quot;id&quot;:&quot;&quot;},&quot;jet_parallax_layout_image_mobile&quot;:{&quot;url&quot;:&quot;&quot;,&quot;id&quot;:&quot;&quot;},&quot;jet_parallax_layout_speed&quot;:{&quot;unit&quot;:&quot;%&quot;,&quot;size&quot;:50,&quot;sizes&quot;:[]},&quot;jet_parallax_layout_type&quot;:&quot;scroll&quot;,&quot;jet_parallax_layout_direction&quot;:null,&quot;jet_parallax_layout_fx_direction&quot;:null,&quot;jet_parallax_layout_z_index&quot;:&quot;&quot;,&quot;jet_parallax_layout_bg_x&quot;:50,&quot;jet_parallax_layout_bg_x_tablet&quot;:&quot;&quot;,&quot;jet_parallax_layout_bg_x_mobile&quot;:&quot;&quot;,&quot;jet_parallax_layout_bg_y&quot;:50,&quot;jet_parallax_layout_bg_y_tablet&quot;:&quot;&quot;,&quot;jet_parallax_layout_bg_y_mobile&quot;:&quot;&quot;,&quot;jet_parallax_layout_bg_size&quot;:&quot;auto&quot;,&quot;jet_parallax_layout_bg_size_tablet&quot;:&quot;&quot;,&quot;jet_parallax_layout_bg_size_mobile&quot;:&quot;&quot;,&quot;jet_parallax_layout_animation_prop&quot;:&quot;transform&quot;,&quot;jet_parallax_layout_on&quot;:[&quot;desktop&quot;,&quot;tablet&quot;]}]}\">\n\t\t\t\t\t\t<div class=\"elementor-container elementor-column-gap-no\">\n\t\t\t\t\t<div class=\"elementor-column elementor-col-100 elementor-top-column elementor-element elementor-element-3508bb15\" data-id=\"3508bb15\" data-element_type=\"column\">\n\t\t\t<div class=\"elementor-widget-wrap elementor-element-populated\">\n\t\t\t\t\t\t\t\t<div class=\"elementor-element elementor-element-68cd3786 elementor-widget elementor-widget-text-editor\" data-id=\"68cd3786\" data-element_type=\"widget\" data-widget_type=\"text-editor.default\">\n\t\t\t\t<div class=\"elementor-widget-container\">\n\t\t\t\t\t\t\t<p>A lideran\u00e7a escolar formula pol\u00edticas focadas na aprendizagem dos alunos, com o objetivo de tornar o EAR um ponto de refer\u00eancia para uma pedagogia excepcional, tanto local, quanto nacionalmente.<\/p><p>A Escola Americana do Recife \u00e9 liderada por um Superintendente com a habilidosa assist\u00eancia da Equipe de Lideran\u00e7a S\u00eanior, composta pelo Coordenador do Ensino Infantil e Ensino Fundamental anos iniciais, pelo Coordenador do Ensino Fundamental anos finais e Ensino M\u00e9dio, pelo Diretor do Departamento Brasileiro e pelo Gerente Administrativo. A miss\u00e3o e vis\u00e3o do EAR est\u00e3o presentes em todas as decis\u00f5es escolares. Esta equipe de lideran\u00e7a s\u00eanior reporta-se ao Superintendente, que se reporta ao Conselho Diretor.<\/p><p>O Conselho de Trustees \u00e9 respons\u00e1vel pela dire\u00e7\u00e3o estrat\u00e9gica da escola. \u00c9 um Conselho parcialmente autoperpetuante e parcialmente eleito. Os membros do Conselho devem ter pelo menos um filho estudando na institui\u00e7\u00e3o. O Conselho concentra-se no planejamento estrat\u00e9gico da escola e delega as opera\u00e7\u00f5es di\u00e1rias da escola ao Superintendente. O Superintendente n\u00e3o \u00e9 membro votante do Conselho, mas participa de todas as reuni\u00f5es e atua como representante vis\u00edvel do Conselho.<\/p><p>O Conselho de Trustees determina a miss\u00e3o da escola e as pol\u00edticas estrat\u00e9gicas e age legal e eticamente no melhor interesse dos alunos. O Conselho do EAR \u00e9 composto por 5 membros eleitos, 2 membros nomeados e 1 representante nomeado pelo Consulado dos EUA. Os oficiais do Conselho s\u00e3o Presidente, Vice-Presidente, Tesoureiro, Vice-Tesoureiro, Secret\u00e1rio, Vice-Secret\u00e1rio e Vogal.<\/p><p><strong>As 10 responsabilidades b\u00e1sicas do Conselho de <\/strong><strong>Trustees s\u00e3o:<\/strong><\/p><p>&#8211; Determinar a miss\u00e3o e o prop\u00f3sito da escola<\/p><p>&#8211; Selecionar o Superintendente<\/p><p>&#8211; Fornecer supervis\u00e3o financeira adequada<\/p><p>&#8211; Garantir recursos adequados<\/p><p>&#8211; Assegurar integridade legal e \u00e9tica e manter responsabilidade<\/p><p>&#8211; Assegurar um planejamento organizacional eficaz<\/p><p>&#8211; Recrutar e orientar novos membros do conselho<\/p><p>&#8211; Melhorar a posi\u00e7\u00e3o p\u00fablica da organiza\u00e7\u00e3o<\/p><p>&#8211; Determinar, monitorar e fortalecer programas e servi\u00e7os escolares<\/p><p>&#8211; Apoiar o Superintendente e seu desempenho<\/p><p><strong>Conselho da EAR:<\/strong><\/p><p>-Presidente: Marina Morais Pac\u00edfico Reb\u00ealo<\/p><p>-Vice-Presidente: Fernanda M\u00e1rcia Neuman Monteiro Henrique<\/p><p>-Tesoureiro: Paulo Andr\u00e9 Aguiar Ara\u00fajo<\/p><p>-Vice-Tesoureiro: Tatiana de Souza Melo Pontes<\/p><p>-Secret\u00e1ria: Patr\u00edcia Canuto Pessoa de Mello Carapeba<\/p><p>-Vice-Secret\u00e1ria: Wedja Danielle de Matos Henrique Pires<\/p><p>-Vogal: Luiza Laranjeira Cavalcanti de Medeiros<\/p><p>-Membro do Consulado Americano: Jack Douglas Swetland Jr.<\/p><p><strong>Equipe de Lideran\u00e7a S\u00eanior:<\/strong><\/p><p>Superintendente: Peter Klam<\/p><p>Coordenadora Educa\u00e7\u00e3o Infantil e Ensino Fundamental Anos Iniciais: Katharine Anne Geiss<\/p><p>Coordenadora Ensino Fundamental Anos Finais e Ensino M\u00e9dio: Fernanda Dillon<\/p><p>Diretor de Estudos Brasileiros: Quintino Orengo<\/p><p>Gerente Administrativo: Danilo Bortolomais<\/p><p><img loading=\"lazy\" decoding=\"async\" class=\"alignnone size-medium wp-image-21746\" src=\"https:\/\/ear.com.br\/wp-content\/uploads\/2024\/08\/img_relatorio-300x239.png\" alt=\"\" width=\"300\" height=\"239\" srcset=\"https:\/\/www.ear.com.br\/wp-content\/uploads\/2024\/08\/img_relatorio-300x239.png 300w, https:\/\/www.ear.com.br\/wp-content\/uploads\/2024\/08\/img_relatorio.png 376w\" sizes=\"auto, (max-width: 300px) 100vw, 300px\" \/><\/p><p><strong>Relat\u00f3rio de Transpar\u00eancia e Igualdade de Remunera\u00e7\u00e3o para Mulheres e Homens<\/strong><\/p><p>Seguindo nosso compromisso com a transpar\u00eancia, disponibilizamos o relat\u00f3rio de equidade salarial para homens e mulheres. Esse relat\u00f3rio \u00e9 fornecido pelo governo federal brasileiro.<\/p><p><a href=\"https:\/\/ear.com.br\/wp-content\/uploads\/2024\/05\/Relatorio-Transparencia-EAR_2024.pdf\" target=\"_blank\" rel=\"noopener\"><em>Ciclo 1 &#8211; Publicado em 31 de Mar\u00e7o, 2024<\/em><\/a><\/p><p><em><a href=\"https:\/\/ear.com.br\/wp-content\/uploads\/2024\/10\/Relatrio-de-Igualdade-Salarial-e-de-Critrios-Remuneratrios2-Ciclo-de-2024.pdf\" target=\"_blank\" rel=\"noopener\">Ciclo 2 &#8211; Publicado em 31 de Agosto, 2024<\/a><\/em><\/p><p><a href=\"https:\/\/ear.com.br\/wp-content\/uploads\/2025\/03\/religualdade1083340800010620251.pdf\" target=\"_blank\" rel=\"noopener\"><em>Ciclo 3 &#8211; Publicado em Fevereiro de 2025<\/em><\/a><\/p><p><em><a href=\"https:\/\/ear.com.br\/wp-content\/uploads\/2025\/10\/RelatorioIgualdadeSalarialLote2025217102025.pdf\" target=\"_blank\" rel=\"noopener\">Ciclo 4 &#8211; Publicado em Agosto de 2025<\/a><\/em><\/p>\t\t\t\t\t\t<\/div>\n\t\t\t\t<\/div>\n\t\t\t\t\t<\/div>\n\t\t<\/div>\n\t\t\t\t\t\t\t<\/div>\n\t\t<\/section>\n\t\t\t\t\t\t\t<\/div>\n\t\t","protected":false},"excerpt":{"rendered":"<p>Estabelecendo a Base do Amanh\u00e3 A lideran\u00e7a escolar formula pol\u00edticas focadas na aprendizagem dos alunos, com o objetivo de tornar o EAR um ponto de refer\u00eancia para uma pedagogia excepcional, [&hellip;]<\/p>\n","protected":false},"author":1,"featured_media":0,"parent":6462,"menu_order":0,"comment_status":"closed","ping_status":"closed","template":"elementor_header_footer","meta":{"footnotes":""},"class_list":["post-20338","page","type-page","status-publish","hentry"],"_links":{"self":[{"href":"https:\/\/www.ear.com.br\/pt-br\/wp-json\/wp\/v2\/pages\/20338","targetHints":{"allow":["GET"]}}],"collection":[{"href":"https:\/\/www.ear.com.br\/pt-br\/wp-json\/wp\/v2\/pages"}],"about":[{"href":"https:\/\/www.ear.com.br\/pt-br\/wp-json\/wp\/v2\/types\/page"}],"author":[{"embeddable":true,"href":"https:\/\/www.ear.com.br\/pt-br\/wp-json\/wp\/v2\/users\/1"}],"replies":[{"embeddable":true,"href":"https:\/\/www.ear.com.br\/pt-br\/wp-json\/wp\/v2\/comments?post=20338"}],"version-history":[{"count":59,"href":"https:\/\/www.ear.com.br\/pt-br\/wp-json\/wp\/v2\/pages\/20338\/revisions"}],"predecessor-version":[{"id":21965,"href":"https:\/\/www.ear.com.br\/pt-br\/wp-json\/wp\/v2\/pages\/20338\/revisions\/21965"}],"up":[{"embeddable":true,"href":"https:\/\/www.ear.com.br\/pt-br\/wp-json\/wp\/v2\/pages\/6462"}],"wp:attachment":[{"href":"https:\/\/www.ear.com.br\/pt-br\/wp-json\/wp\/v2\/media?parent=20338"}],"curies":[{"name":"wp","href":"https:\/\/api.w.org\/{rel}","templated":true}]}}