{"id":6456,"date":"2021-07-28T04:18:42","date_gmt":"2021-07-28T04:18:42","guid":{"rendered":"https:\/\/wpsites.agenciakerno.com.br\/ear-site\/g1-5-curriculum\/"},"modified":"2021-08-30T07:45:01","modified_gmt":"2021-08-30T07:45:01","slug":"g1-5-curriculum","status":"publish","type":"page","link":"https:\/\/www.ear.com.br\/pt-br\/learning\/elementary-school\/g1-5-curriculum\/","title":{"rendered":"G1-5 Curriculum"},"content":{"rendered":"\t\t<div data-elementor-type=\"wp-page\" data-elementor-id=\"6456\" class=\"elementor elementor-6456 elementor-5787\">\n\t\t\t\t\t\t\t\t\t<section data-dce-background-color=\"#F7F7F7\" data-dce-background-image-url=\"https:\/\/wpsites.agenciakerno.com.br\/ear-site\/wp-content\/uploads\/2021\/07\/13_learning_curriculum_Curriculum-Review.png\" class=\"elementor-section elementor-top-section elementor-element elementor-element-fcb89eb elementor-section-boxed elementor-section-height-default elementor-section-height-default\" data-id=\"fcb89eb\" data-element_type=\"section\" data-settings=\"{&quot;jet_parallax_layout_list&quot;:[{&quot;jet_parallax_layout_image&quot;:{&quot;url&quot;:&quot;&quot;,&quot;id&quot;:&quot;&quot;},&quot;_id&quot;:&quot;3409c09&quot;,&quot;jet_parallax_layout_image_tablet&quot;:{&quot;url&quot;:&quot;&quot;,&quot;id&quot;:&quot;&quot;},&quot;jet_parallax_layout_image_mobile&quot;:{&quot;url&quot;:&quot;&quot;,&quot;id&quot;:&quot;&quot;},&quot;jet_parallax_layout_speed&quot;:{&quot;unit&quot;:&quot;%&quot;,&quot;size&quot;:50,&quot;sizes&quot;:[]},&quot;jet_parallax_layout_type&quot;:&quot;scroll&quot;,&quot;jet_parallax_layout_direction&quot;:null,&quot;jet_parallax_layout_fx_direction&quot;:null,&quot;jet_parallax_layout_z_index&quot;:&quot;&quot;,&quot;jet_parallax_layout_bg_x&quot;:50,&quot;jet_parallax_layout_bg_x_tablet&quot;:&quot;&quot;,&quot;jet_parallax_layout_bg_x_mobile&quot;:&quot;&quot;,&quot;jet_parallax_layout_bg_y&quot;:50,&quot;jet_parallax_layout_bg_y_tablet&quot;:&quot;&quot;,&quot;jet_parallax_layout_bg_y_mobile&quot;:&quot;&quot;,&quot;jet_parallax_layout_bg_size&quot;:&quot;auto&quot;,&quot;jet_parallax_layout_bg_size_tablet&quot;:&quot;&quot;,&quot;jet_parallax_layout_bg_size_mobile&quot;:&quot;&quot;,&quot;jet_parallax_layout_animation_prop&quot;:&quot;transform&quot;,&quot;jet_parallax_layout_on&quot;:[&quot;desktop&quot;,&quot;tablet&quot;]}],&quot;background_background&quot;:&quot;classic&quot;}\">\n\t\t\t\t\t\t\t<div class=\"elementor-background-overlay\"><\/div>\n\t\t\t\t\t\t\t<div class=\"elementor-container elementor-column-gap-no\">\n\t\t\t\t\t<div class=\"elementor-column elementor-col-50 elementor-top-column elementor-element elementor-element-52a8c5c\" data-id=\"52a8c5c\" data-element_type=\"column\">\n\t\t\t<div class=\"elementor-widget-wrap elementor-element-populated\">\n\t\t\t\t\t\t\t\t<div class=\"elementor-element elementor-element-855bd25 elementor-widget elementor-widget-heading\" data-id=\"855bd25\" data-element_type=\"widget\" data-widget_type=\"heading.default\">\n\t\t\t\t<div class=\"elementor-widget-container\">\n\t\t\t<h1 class=\"elementor-heading-title elementor-size-default\">Desenvolvendo Habilidades que Tornam Crian\u00e7as Prontas para o Futuro<\/h1>\t\t<\/div>\n\t\t\t\t<\/div>\n\t\t\t\t<div class=\"elementor-element elementor-element-d665520 elementor-widget-divider--view-line elementor-widget elementor-widget-divider\" data-id=\"d665520\" data-element_type=\"widget\" data-widget_type=\"divider.default\">\n\t\t\t\t<div class=\"elementor-widget-container\">\n\t\t\t\t\t<div class=\"elementor-divider\">\n\t\t\t<span class=\"elementor-divider-separator\">\n\t\t\t\t\t\t<\/span>\n\t\t<\/div>\n\t\t\t\t<\/div>\n\t\t\t\t<\/div>\n\t\t\t\t<div class=\"elementor-element elementor-element-588ecc1 elementor-widget elementor-widget-text-editor\" data-id=\"588ecc1\" data-element_type=\"widget\" data-widget_type=\"text-editor.default\">\n\t\t\t\t<div class=\"elementor-widget-container\">\n\t\t\t\t\t\t\t<p><span style=\"font-weight: 400;\">No Elementary School, a EAR possui um curr\u00edculo base que consiste em cinco \u00e1reas distintas de estudo prim\u00e1rio. S\u00e3o elas: L\u00edngua e Literatura Inglesa (ELA), Matem\u00e1tica, Ci\u00eancias, Estudos Sociais e Portugu\u00eas. Cada uma dessas \u00e1reas tem um curr\u00edculo espec\u00edfico e uma abordagem de ensino e aprendizagem. <\/span><\/p>\n\t\t\t\t\t\t<\/div>\n\t\t\t\t<\/div>\n\t\t\t\t\t<\/div>\n\t\t<\/div>\n\t\t\t\t<div class=\"elementor-column elementor-col-50 elementor-top-column elementor-element elementor-element-d55cd6b\" data-id=\"d55cd6b\" data-element_type=\"column\">\n\t\t\t<div class=\"elementor-widget-wrap\">\n\t\t\t\t\t\t\t\t\t<\/div>\n\t\t<\/div>\n\t\t\t\t\t\t\t<\/div>\n\t\t<\/section>\n\t\t\t\t<section class=\"elementor-section elementor-top-section elementor-element elementor-element-15f5836b elementor-section-stretched elementor-section-boxed elementor-section-height-default elementor-section-height-default\" data-id=\"15f5836b\" data-element_type=\"section\" data-settings=\"{&quot;stretch_section&quot;:&quot;section-stretched&quot;,&quot;jet_parallax_layout_list&quot;:[{&quot;jet_parallax_layout_image&quot;:{&quot;url&quot;:&quot;&quot;,&quot;id&quot;:&quot;&quot;},&quot;_id&quot;:&quot;b293334&quot;,&quot;jet_parallax_layout_image_tablet&quot;:{&quot;url&quot;:&quot;&quot;,&quot;id&quot;:&quot;&quot;},&quot;jet_parallax_layout_image_mobile&quot;:{&quot;url&quot;:&quot;&quot;,&quot;id&quot;:&quot;&quot;},&quot;jet_parallax_layout_speed&quot;:{&quot;unit&quot;:&quot;%&quot;,&quot;size&quot;:50,&quot;sizes&quot;:[]},&quot;jet_parallax_layout_type&quot;:&quot;scroll&quot;,&quot;jet_parallax_layout_direction&quot;:null,&quot;jet_parallax_layout_fx_direction&quot;:null,&quot;jet_parallax_layout_z_index&quot;:&quot;&quot;,&quot;jet_parallax_layout_bg_x&quot;:50,&quot;jet_parallax_layout_bg_x_tablet&quot;:&quot;&quot;,&quot;jet_parallax_layout_bg_x_mobile&quot;:&quot;&quot;,&quot;jet_parallax_layout_bg_y&quot;:50,&quot;jet_parallax_layout_bg_y_tablet&quot;:&quot;&quot;,&quot;jet_parallax_layout_bg_y_mobile&quot;:&quot;&quot;,&quot;jet_parallax_layout_bg_size&quot;:&quot;auto&quot;,&quot;jet_parallax_layout_bg_size_tablet&quot;:&quot;&quot;,&quot;jet_parallax_layout_bg_size_mobile&quot;:&quot;&quot;,&quot;jet_parallax_layout_animation_prop&quot;:&quot;transform&quot;,&quot;jet_parallax_layout_on&quot;:[&quot;desktop&quot;,&quot;tablet&quot;]}]}\">\n\t\t\t\t\t\t<div class=\"elementor-container elementor-column-gap-no\">\n\t\t\t\t\t<div class=\"elementor-column elementor-col-100 elementor-top-column elementor-element elementor-element-16374503\" data-id=\"16374503\" data-element_type=\"column\">\n\t\t\t<div class=\"elementor-widget-wrap elementor-element-populated\">\n\t\t\t\t\t\t\t\t<div class=\"elementor-element elementor-element-1135ab8b elementor-widget elementor-widget-text-editor\" data-id=\"1135ab8b\" data-element_type=\"widget\" data-widget_type=\"text-editor.default\">\n\t\t\t\t<div class=\"elementor-widget-container\">\n\t\t\t\t\t\t\t<p><b><img loading=\"lazy\" decoding=\"async\" class=\"size-medium wp-image-5790 alignright\" src=\"https:\/\/wpsites.agenciakerno.com.br\/ear-site\/wp-content\/uploads\/2021\/07\/4.5.3-G1-5-Curriculum-1-300x275.jpg\" alt=\"\" width=\"300\" height=\"275\" srcset=\"https:\/\/www.ear.com.br\/wp-content\/uploads\/2021\/07\/4.5.3-G1-5-Curriculum-1-300x275.jpg 300w, https:\/\/www.ear.com.br\/wp-content\/uploads\/2021\/07\/4.5.3-G1-5-Curriculum-1.jpg 486w\" sizes=\"auto, (max-width: 300px) 100vw, 300px\" \/>Workshop de Leitores &amp; Escritores \u00e9 usado para ensinar L\u00edngua e Literatura Inglesa<\/b><\/p>\n<p><span style=\"font-weight: 400;\">O curr\u00edculo de Leitura e Reda\u00e7\u00e3o da EAR \u00e9 ensinado atrav\u00e9s de Unidades de Estudo dentro de uma estrutura de Workshop criada pelo departamento de pesquisa de metodologias e pr\u00e1ticas baseadas em evid\u00eancias, pelo projeto do Teacher College de leitura e reda\u00e7\u00e3o da Universidade Columbia, dirigido por Lucy Calkins e equipe. Prepara os alunos para qualquer tarefa de leitura e reda\u00e7\u00e3o que eles enfrentar\u00e3o e transforma as crian\u00e7as em leitores e escritores que demonstrem independ\u00eancia. Esse curr\u00edculo \u00e9 baseado em mais de 30 anos de pesquisa e trabalho em milhares de escolas pelos Estados Unidos e pelo mundo, para desenvolver fortes recursos curriculares, m\u00e9todos de ensino e oportunidades de aprendizagem profissional para apoiar professores enquanto trabalham juntos e com seus alunos em dire\u00e7\u00e3o \u00e0 esses objetivos de vital import\u00e2ncia.<\/span><\/p>\n<p><span style=\"font-weight: 400;\"><img loading=\"lazy\" decoding=\"async\" class=\"size-medium wp-image-5792 alignright\" src=\"https:\/\/wpsites.agenciakerno.com.br\/ear-site\/wp-content\/uploads\/2021\/07\/4.5.3-G1-5-Curriculum-2-258x300.jpg\" alt=\"\" width=\"258\" height=\"300\" srcset=\"https:\/\/www.ear.com.br\/wp-content\/uploads\/2021\/07\/4.5.3-G1-5-Curriculum-2-258x300.jpg 258w, https:\/\/www.ear.com.br\/wp-content\/uploads\/2021\/07\/4.5.3-G1-5-Curriculum-2.jpg 558w\" sizes=\"auto, (max-width: 258px) 100vw, 258px\" \/>Os Workshops de leitura e reda\u00e7\u00e3o s\u00e3o orientados por padr\u00f5es focados em estrat\u00e9gias diferenciadas, e guiados por dados dos alunos. H\u00e1 um excelente apoio ao modelo do workshop vindo de muitos l\u00edderes influentes no campo da alfabetiza\u00e7\u00e3o, incluindo Lucy Calkins, Nancy Atwell, Richard Allington, and Carol Avery. O modelo de workshop de leitura e reda\u00e7\u00e3o \u00e9 um momento estruturado para o ensino e aprendizado da alfabetiza\u00e7\u00e3o. O workshop de leitura \u00e9 um momento ininterrupto para os alunos lerem, pensarem e conersr sobre literatura aut\u00eantica diariamente. O Workshop da reda\u00e7\u00e3o \u00e9 um momento para os alunos se engajarem na escrita di\u00e1ria, aut\u00eantica e independente auto-selecionada em uma variedade de g\u00eaneros e \u00e1reas de conte\u00fado. O foco principal do modelo do workshop \u00e9 diferenciar o ensino para acomodar as necessidades de ensino de todos os alunos, ao mesmo tempo que promove o amor pela leitura e pela escrita em um ambiente rico em alfabetiza\u00e7\u00e3o.<\/span><\/p>\n<p><span style=\"font-weight: 400;\"><img loading=\"lazy\" decoding=\"async\" class=\"size-medium wp-image-5794 alignleft\" src=\"https:\/\/wpsites.agenciakerno.com.br\/ear-site\/wp-content\/uploads\/2021\/07\/4.5.3-G1-5-Curriculum-3-300x189.png\" alt=\"\" width=\"300\" height=\"189\" srcset=\"https:\/\/www.ear.com.br\/wp-content\/uploads\/2021\/07\/4.5.3-G1-5-Curriculum-3-300x189.png 300w, https:\/\/www.ear.com.br\/wp-content\/uploads\/2021\/07\/4.5.3-G1-5-Curriculum-3.png 350w\" sizes=\"auto, (max-width: 300px) 100vw, 300px\" \/>&#8211; Os workshops de leitura e reda\u00e7\u00e3o s\u00e3o criados para oferecer um ambiente simples e previs\u00edvel, para que o professor possa focar no trabalho complexo que \u00e9 observar o progresso dos alunos e ensinar de acordo com a necessidade de cada um. Cada sess\u00e3o come\u00e7a com uma mini li\u00e7\u00e3o. As crian\u00e7as sentam-se com um parceiro durante a mini li\u00e7\u00e3o. <\/span><span style=\"font-weight: 400;\">Essa parte termina com as crian\u00e7as sendo enviadas para fazerem seu pr\u00f3prio trabalho independente. Enquanto os alunos trabalham, o professor checa os trabalhos e lidera os pequenos grupos. Durante o momento de trabalho independente ou em dupla, o professor apresenta um ponto central de ensino para o workshop. A aula termina com os alunos compartilhando sobre.<\/span><\/p>\n<p><span style=\"font-weight: 400;\"><img loading=\"lazy\" decoding=\"async\" class=\"size-medium wp-image-5796 alignleft\" src=\"https:\/\/wpsites.agenciakerno.com.br\/ear-site\/wp-content\/uploads\/2021\/07\/4.5.3-G1-5-Curriculum-4-300x192.jpg\" alt=\"\" width=\"300\" height=\"192\" srcset=\"https:\/\/www.ear.com.br\/wp-content\/uploads\/2021\/07\/4.5.3-G1-5-Curriculum-4-300x192.jpg 300w, https:\/\/www.ear.com.br\/wp-content\/uploads\/2021\/07\/4.5.3-G1-5-Curriculum-4-768x492.jpg 768w, https:\/\/www.ear.com.br\/wp-content\/uploads\/2021\/07\/4.5.3-G1-5-Curriculum-4-600x384.jpg 600w, https:\/\/www.ear.com.br\/wp-content\/uploads\/2021\/07\/4.5.3-G1-5-Curriculum-4.jpg 900w\" sizes=\"auto, (max-width: 300px) 100vw, 300px\" \/>&#8211; Estudo de Palavras \u2013 Consci\u00eancia Fon\u00eamica\/ Instru\u00e7\u00e3o Fon\u00e9tica: Writing Skills vai continuar a ser usado para instru\u00e7\u00e3o fon\u00e9tica nos anos K-2 por aproximadamente 20min\/dia. \u00c9 importante ter uma abordagem sistem\u00e1tica para o ensino de Consci\u00eancia Fon\u00eamica e Habilidades de escrita e fon\u00e9tica para fornecer tal abordagem. Este ser\u00e1 considerado um per\u00edodo de &#8220;Trabalho de Palavras&#8221; que pode ser acrescentado \u00e0 frente ou no final do per\u00edodo de Workshop ou ensinado em um momento separado. As habilidades ensinadas devem ser refor\u00e7adas ao longo de qualquer tempo de instru\u00e7\u00e3o em que seja apropriado, incluindo no \u00e1reas de conte\u00fado. <\/span><\/p>\n\t\t\t\t\t\t<\/div>\n\t\t\t\t<\/div>\n\t\t\t\t\t<\/div>\n\t\t<\/div>\n\t\t\t\t\t\t\t<\/div>\n\t\t<\/section>\n\t\t\t\t<section class=\"elementor-section elementor-top-section elementor-element elementor-element-1e531d5 elementor-section-stretched elementor-section-boxed elementor-section-height-default elementor-section-height-default\" data-id=\"1e531d5\" data-element_type=\"section\" data-settings=\"{&quot;stretch_section&quot;:&quot;section-stretched&quot;,&quot;jet_parallax_layout_list&quot;:[{&quot;jet_parallax_layout_image&quot;:{&quot;url&quot;:&quot;&quot;,&quot;id&quot;:&quot;&quot;},&quot;_id&quot;:&quot;b293334&quot;,&quot;jet_parallax_layout_image_tablet&quot;:{&quot;url&quot;:&quot;&quot;,&quot;id&quot;:&quot;&quot;},&quot;jet_parallax_layout_image_mobile&quot;:{&quot;url&quot;:&quot;&quot;,&quot;id&quot;:&quot;&quot;},&quot;jet_parallax_layout_speed&quot;:{&quot;unit&quot;:&quot;%&quot;,&quot;size&quot;:50,&quot;sizes&quot;:[]},&quot;jet_parallax_layout_type&quot;:&quot;scroll&quot;,&quot;jet_parallax_layout_direction&quot;:null,&quot;jet_parallax_layout_fx_direction&quot;:null,&quot;jet_parallax_layout_z_index&quot;:&quot;&quot;,&quot;jet_parallax_layout_bg_x&quot;:50,&quot;jet_parallax_layout_bg_x_tablet&quot;:&quot;&quot;,&quot;jet_parallax_layout_bg_x_mobile&quot;:&quot;&quot;,&quot;jet_parallax_layout_bg_y&quot;:50,&quot;jet_parallax_layout_bg_y_tablet&quot;:&quot;&quot;,&quot;jet_parallax_layout_bg_y_mobile&quot;:&quot;&quot;,&quot;jet_parallax_layout_bg_size&quot;:&quot;auto&quot;,&quot;jet_parallax_layout_bg_size_tablet&quot;:&quot;&quot;,&quot;jet_parallax_layout_bg_size_mobile&quot;:&quot;&quot;,&quot;jet_parallax_layout_animation_prop&quot;:&quot;transform&quot;,&quot;jet_parallax_layout_on&quot;:[&quot;desktop&quot;,&quot;tablet&quot;]}]}\">\n\t\t\t\t\t\t<div class=\"elementor-container elementor-column-gap-no\">\n\t\t\t\t\t<div class=\"elementor-column elementor-col-100 elementor-top-column elementor-element elementor-element-da103d4\" data-id=\"da103d4\" data-element_type=\"column\">\n\t\t\t<div class=\"elementor-widget-wrap elementor-element-populated\">\n\t\t\t\t\t\t\t\t<div class=\"elementor-element elementor-element-d668ea2 elementor-widget elementor-widget-text-editor\" data-id=\"d668ea2\" data-element_type=\"widget\" data-widget_type=\"text-editor.default\">\n\t\t\t\t<div class=\"elementor-widget-container\">\n\t\t\t\t\t\t\t<p><b><img loading=\"lazy\" decoding=\"async\" class=\"size-medium wp-image-5798 alignright\" src=\"https:\/\/wpsites.agenciakerno.com.br\/ear-site\/wp-content\/uploads\/2021\/07\/4.5.3-G1-5-Curriculum-5-300x168.jpg\" alt=\"\" width=\"300\" height=\"168\" srcset=\"https:\/\/www.ear.com.br\/wp-content\/uploads\/2021\/07\/4.5.3-G1-5-Curriculum-5-300x168.jpg 300w, https:\/\/www.ear.com.br\/wp-content\/uploads\/2021\/07\/4.5.3-G1-5-Curriculum-5-150x85.jpg 150w, https:\/\/www.ear.com.br\/wp-content\/uploads\/2021\/07\/4.5.3-G1-5-Curriculum-5.jpg 580w\" sizes=\"auto, (max-width: 300px) 100vw, 300px\" \/>Matem\u00e1tica (Go Math)<\/b><\/p>\n<p><span style=\"font-weight: 400;\">Go Math! \u00e9 um programa abrangente de matem\u00e1tica do Kinder ao 5\u00ba ano, desenvolvido para dar suporte aos padr\u00f5es AERO &amp; Common Core for Mathematics. O programa enfatiza as quest\u00f5es essenciais e grandes ideias com profundidade de compreens\u00e3o sendo o objetivo. Aulas interativas utilizam abordagens instrucionais baseadas em pesquisa e recursos instrucionais diferenciados para garantir o sucesso para todos os alunos.<\/span><\/p>\n\t\t\t\t\t\t<\/div>\n\t\t\t\t<\/div>\n\t\t\t\t\t<\/div>\n\t\t<\/div>\n\t\t\t\t\t\t\t<\/div>\n\t\t<\/section>\n\t\t\t\t<section class=\"elementor-section elementor-top-section elementor-element elementor-element-7e6f001 elementor-section-stretched elementor-section-boxed elementor-section-height-default elementor-section-height-default\" data-id=\"7e6f001\" data-element_type=\"section\" data-settings=\"{&quot;stretch_section&quot;:&quot;section-stretched&quot;,&quot;jet_parallax_layout_list&quot;:[{&quot;jet_parallax_layout_image&quot;:{&quot;url&quot;:&quot;&quot;,&quot;id&quot;:&quot;&quot;},&quot;_id&quot;:&quot;b293334&quot;,&quot;jet_parallax_layout_image_tablet&quot;:{&quot;url&quot;:&quot;&quot;,&quot;id&quot;:&quot;&quot;},&quot;jet_parallax_layout_image_mobile&quot;:{&quot;url&quot;:&quot;&quot;,&quot;id&quot;:&quot;&quot;},&quot;jet_parallax_layout_speed&quot;:{&quot;unit&quot;:&quot;%&quot;,&quot;size&quot;:50,&quot;sizes&quot;:[]},&quot;jet_parallax_layout_type&quot;:&quot;scroll&quot;,&quot;jet_parallax_layout_direction&quot;:null,&quot;jet_parallax_layout_fx_direction&quot;:null,&quot;jet_parallax_layout_z_index&quot;:&quot;&quot;,&quot;jet_parallax_layout_bg_x&quot;:50,&quot;jet_parallax_layout_bg_x_tablet&quot;:&quot;&quot;,&quot;jet_parallax_layout_bg_x_mobile&quot;:&quot;&quot;,&quot;jet_parallax_layout_bg_y&quot;:50,&quot;jet_parallax_layout_bg_y_tablet&quot;:&quot;&quot;,&quot;jet_parallax_layout_bg_y_mobile&quot;:&quot;&quot;,&quot;jet_parallax_layout_bg_size&quot;:&quot;auto&quot;,&quot;jet_parallax_layout_bg_size_tablet&quot;:&quot;&quot;,&quot;jet_parallax_layout_bg_size_mobile&quot;:&quot;&quot;,&quot;jet_parallax_layout_animation_prop&quot;:&quot;transform&quot;,&quot;jet_parallax_layout_on&quot;:[&quot;desktop&quot;,&quot;tablet&quot;]}]}\">\n\t\t\t\t\t\t<div class=\"elementor-container elementor-column-gap-no\">\n\t\t\t\t\t<div class=\"elementor-column elementor-col-100 elementor-top-column elementor-element elementor-element-16246b9\" data-id=\"16246b9\" data-element_type=\"column\">\n\t\t\t<div class=\"elementor-widget-wrap elementor-element-populated\">\n\t\t\t\t\t\t\t\t<div class=\"elementor-element elementor-element-d13f6f7 elementor-widget elementor-widget-text-editor\" data-id=\"d13f6f7\" data-element_type=\"widget\" data-widget_type=\"text-editor.default\">\n\t\t\t\t<div class=\"elementor-widget-container\">\n\t\t\t\t\t\t\t<p><b><img loading=\"lazy\" decoding=\"async\" class=\"size-medium wp-image-5802 alignright\" src=\"https:\/\/wpsites.agenciakerno.com.br\/ear-site\/wp-content\/uploads\/2021\/07\/4.5.3-G1-5-Curriculum-6-229x300.png\" alt=\"\" width=\"229\" height=\"300\" srcset=\"https:\/\/www.ear.com.br\/wp-content\/uploads\/2021\/07\/4.5.3-G1-5-Curriculum-6-229x300.png 229w, https:\/\/www.ear.com.br\/wp-content\/uploads\/2021\/07\/4.5.3-G1-5-Curriculum-6-600x786.png 600w, https:\/\/www.ear.com.br\/wp-content\/uploads\/2021\/07\/4.5.3-G1-5-Curriculum-6.png 605w\" sizes=\"auto, (max-width: 229px) 100vw, 229px\" \/><\/b><\/p>\n<p><b>Ci\u00eancia (Elevate Science)<\/b><b><\/b><\/p>\n<p><span style=\"font-weight: 400;\">&#8211; Elevate Science \u00e9 um programa de ci\u00eancias completo do Kinder ao 5\u00ba ano que eleva o pensamento, o aprendizado e o ensino! A combina\u00e7\u00e3o do curr\u00edculo digital e impresso cobre todos os Padr\u00f5es de Ci\u00eancia da Pr\u00f3xima Gera\u00e7\u00e3o (Next Generation Science Standards) em todos os n\u00edveis de ensino. A explora\u00e7\u00e3o \u00e9 o cora\u00e7\u00e3o da ci\u00eancia. A atividade baseada em problemas da Quest \u00e9 uma explora\u00e7\u00e3o que ancora cada t\u00f3pico. Os alunos &#8220;descobrem&#8221; a solu\u00e7\u00e3o do problema \u00e0 medida que navegam nas li\u00e7\u00f5es do t\u00f3pico. \u00c9 ci\u00eancia real com fen\u00f4menos envolventes. Os alunos aplicam seus conhecimentos e habilidades para dominar os novos padr\u00f5es cient\u00edficos.<\/span><\/p>\n<p><b><span style=\"font-weight: 400;\">&#8211; Elevate Science leva a ci\u00eancia a um n\u00edvel totalmente novo. Ela permite que os alunos se apropriem de seu aprendizado, explorando a ci\u00eancia no mundo ao seu redor, investigando como as coisas funcionam, pensando criticamente e resolvendo problemas! A Elevate Science ajuda o aluno a pensar como um cientista, de modo que esteja pronto para um mundo de descobertas.<\/span> <span style=\"font-weight: 400;\">O curr\u00edculo desenvolve fortes habilidades de racioc\u00ednio e estrat\u00e9gias de pensamento cr\u00edtico, \u00e0 medida que os alunos se envolvem em explora\u00e7\u00f5es, formulam afirma\u00e7\u00f5es e usam dados para argumentos baseados em evid\u00eancias.<\/span><\/b><\/p>\n\t\t\t\t\t\t<\/div>\n\t\t\t\t<\/div>\n\t\t\t\t\t<\/div>\n\t\t<\/div>\n\t\t\t\t\t\t\t<\/div>\n\t\t<\/section>\n\t\t\t\t<section class=\"elementor-section elementor-top-section elementor-element elementor-element-ab55940 elementor-section-stretched elementor-section-boxed elementor-section-height-default elementor-section-height-default\" data-id=\"ab55940\" data-element_type=\"section\" data-settings=\"{&quot;stretch_section&quot;:&quot;section-stretched&quot;,&quot;jet_parallax_layout_list&quot;:[{&quot;jet_parallax_layout_image&quot;:{&quot;url&quot;:&quot;&quot;,&quot;id&quot;:&quot;&quot;},&quot;_id&quot;:&quot;b293334&quot;,&quot;jet_parallax_layout_image_tablet&quot;:{&quot;url&quot;:&quot;&quot;,&quot;id&quot;:&quot;&quot;},&quot;jet_parallax_layout_image_mobile&quot;:{&quot;url&quot;:&quot;&quot;,&quot;id&quot;:&quot;&quot;},&quot;jet_parallax_layout_speed&quot;:{&quot;unit&quot;:&quot;%&quot;,&quot;size&quot;:50,&quot;sizes&quot;:[]},&quot;jet_parallax_layout_type&quot;:&quot;scroll&quot;,&quot;jet_parallax_layout_direction&quot;:null,&quot;jet_parallax_layout_fx_direction&quot;:null,&quot;jet_parallax_layout_z_index&quot;:&quot;&quot;,&quot;jet_parallax_layout_bg_x&quot;:50,&quot;jet_parallax_layout_bg_x_tablet&quot;:&quot;&quot;,&quot;jet_parallax_layout_bg_x_mobile&quot;:&quot;&quot;,&quot;jet_parallax_layout_bg_y&quot;:50,&quot;jet_parallax_layout_bg_y_tablet&quot;:&quot;&quot;,&quot;jet_parallax_layout_bg_y_mobile&quot;:&quot;&quot;,&quot;jet_parallax_layout_bg_size&quot;:&quot;auto&quot;,&quot;jet_parallax_layout_bg_size_tablet&quot;:&quot;&quot;,&quot;jet_parallax_layout_bg_size_mobile&quot;:&quot;&quot;,&quot;jet_parallax_layout_animation_prop&quot;:&quot;transform&quot;,&quot;jet_parallax_layout_on&quot;:[&quot;desktop&quot;,&quot;tablet&quot;]}]}\">\n\t\t\t\t\t\t<div class=\"elementor-container elementor-column-gap-no\">\n\t\t\t\t\t<div class=\"elementor-column elementor-col-100 elementor-top-column elementor-element elementor-element-00958ba\" data-id=\"00958ba\" data-element_type=\"column\">\n\t\t\t<div class=\"elementor-widget-wrap elementor-element-populated\">\n\t\t\t\t\t\t\t\t<div class=\"elementor-element elementor-element-b47db23 elementor-widget elementor-widget-text-editor\" data-id=\"b47db23\" data-element_type=\"widget\" data-widget_type=\"text-editor.default\">\n\t\t\t\t<div class=\"elementor-widget-container\">\n\t\t\t\t\t\t\t<p><b><img loading=\"lazy\" decoding=\"async\" class=\"size-medium wp-image-5800 alignright\" src=\"https:\/\/wpsites.agenciakerno.com.br\/ear-site\/wp-content\/uploads\/2021\/07\/4.5.3-G1-5-Curriculum-6-300x300.jpg\" alt=\"\" width=\"300\" height=\"300\" srcset=\"https:\/\/www.ear.com.br\/wp-content\/uploads\/2021\/07\/4.5.3-G1-5-Curriculum-6-300x300.jpg 300w, https:\/\/www.ear.com.br\/wp-content\/uploads\/2021\/07\/4.5.3-G1-5-Curriculum-6-1024x1024.jpg 1024w, https:\/\/www.ear.com.br\/wp-content\/uploads\/2021\/07\/4.5.3-G1-5-Curriculum-6-150x150.jpg 150w, https:\/\/www.ear.com.br\/wp-content\/uploads\/2021\/07\/4.5.3-G1-5-Curriculum-6-768x768.jpg 768w, https:\/\/www.ear.com.br\/wp-content\/uploads\/2021\/07\/4.5.3-G1-5-Curriculum-6-230x230.jpg 230w, https:\/\/www.ear.com.br\/wp-content\/uploads\/2021\/07\/4.5.3-G1-5-Curriculum-6-400x400.jpg 400w, https:\/\/www.ear.com.br\/wp-content\/uploads\/2021\/07\/4.5.3-G1-5-Curriculum-6-600x600.jpg 600w, https:\/\/www.ear.com.br\/wp-content\/uploads\/2021\/07\/4.5.3-G1-5-Curriculum-6-640x640.jpg 640w, https:\/\/www.ear.com.br\/wp-content\/uploads\/2021\/07\/4.5.3-G1-5-Curriculum-6.jpg 1200w\" sizes=\"auto, (max-width: 300px) 100vw, 300px\" \/>Estudos Sociais (TCI Social Studies Alive!)<\/b><\/p>\n<p><span style=\"font-weight: 400;\">TCI \u00e9 um curr\u00edculo flex\u00edvel alinhado com os Padr\u00f5es AERO que permite aos professores uma transi\u00e7\u00e3o suave de salas de aula f\u00edsicas para ambientes de aprendizagem combinada usando os v\u00e1rios recursos e ferramentas em plataformas digitais. Temos o compromisso de garantir que nosso curr\u00edculo e nossos produtos mantenham professores e alunos \u00e0 frente no mundo da educa\u00e7\u00e3o em constante mudan\u00e7a.<\/span><\/p>\n<p><span style=\"font-weight: 400;\">O curr\u00edculo de estudos sociais do ensino fundamental I e como voc\u00ea o apresenta pode desempenhar um grande papel em como os alunos ret\u00eam as informa\u00e7\u00f5es de suas aulas. O TCI busca tornar a educa\u00e7\u00e3o divertida e impactante.<\/span><\/p>\n<p><span style=\"font-weight: 400;\">Os Estudos Sociais online Alive! O programa ensina aos alunos o mundo ao seu redor e como nossas culturas foram criadas por meio de atividades e li\u00e7\u00f5es interessantes e envolventes. Voc\u00ea provavelmente j\u00e1 sabe que as crian\u00e7as do ensino fundamental n\u00e3o ficam empolgadas em sentar em uma mesa e ouvir uma palestra, ler em sil\u00eancio um livro de estudos sociais do ensino fundamental, fazer anota\u00e7\u00f5es e, em seguida, ter que fazer um teste. Embora haja um tempo para cada tipo de aprendizagem, existem maneiras melhores (e certamente mais divertidas) de ensinar nossos filhos sobre hist\u00f3ria.<\/span><\/p>\n\t\t\t\t\t\t<\/div>\n\t\t\t\t<\/div>\n\t\t\t\t\t<\/div>\n\t\t<\/div>\n\t\t\t\t\t\t\t<\/div>\n\t\t<\/section>\n\t\t\t\t<section class=\"elementor-section elementor-top-section elementor-element elementor-element-ebcac30 elementor-section-stretched elementor-section-boxed elementor-section-height-default elementor-section-height-default\" data-id=\"ebcac30\" data-element_type=\"section\" data-settings=\"{&quot;stretch_section&quot;:&quot;section-stretched&quot;,&quot;jet_parallax_layout_list&quot;:[{&quot;jet_parallax_layout_image&quot;:{&quot;url&quot;:&quot;&quot;,&quot;id&quot;:&quot;&quot;},&quot;_id&quot;:&quot;b293334&quot;,&quot;jet_parallax_layout_image_tablet&quot;:{&quot;url&quot;:&quot;&quot;,&quot;id&quot;:&quot;&quot;},&quot;jet_parallax_layout_image_mobile&quot;:{&quot;url&quot;:&quot;&quot;,&quot;id&quot;:&quot;&quot;},&quot;jet_parallax_layout_speed&quot;:{&quot;unit&quot;:&quot;%&quot;,&quot;size&quot;:50,&quot;sizes&quot;:[]},&quot;jet_parallax_layout_type&quot;:&quot;scroll&quot;,&quot;jet_parallax_layout_direction&quot;:null,&quot;jet_parallax_layout_fx_direction&quot;:null,&quot;jet_parallax_layout_z_index&quot;:&quot;&quot;,&quot;jet_parallax_layout_bg_x&quot;:50,&quot;jet_parallax_layout_bg_x_tablet&quot;:&quot;&quot;,&quot;jet_parallax_layout_bg_x_mobile&quot;:&quot;&quot;,&quot;jet_parallax_layout_bg_y&quot;:50,&quot;jet_parallax_layout_bg_y_tablet&quot;:&quot;&quot;,&quot;jet_parallax_layout_bg_y_mobile&quot;:&quot;&quot;,&quot;jet_parallax_layout_bg_size&quot;:&quot;auto&quot;,&quot;jet_parallax_layout_bg_size_tablet&quot;:&quot;&quot;,&quot;jet_parallax_layout_bg_size_mobile&quot;:&quot;&quot;,&quot;jet_parallax_layout_animation_prop&quot;:&quot;transform&quot;,&quot;jet_parallax_layout_on&quot;:[&quot;desktop&quot;,&quot;tablet&quot;]}]}\">\n\t\t\t\t\t\t<div class=\"elementor-container elementor-column-gap-no\">\n\t\t\t\t\t<div class=\"elementor-column elementor-col-100 elementor-top-column elementor-element elementor-element-1763544\" data-id=\"1763544\" data-element_type=\"column\">\n\t\t\t<div class=\"elementor-widget-wrap elementor-element-populated\">\n\t\t\t\t\t\t\t\t<div class=\"elementor-element elementor-element-04c3cff elementor-widget elementor-widget-text-editor\" data-id=\"04c3cff\" data-element_type=\"widget\" data-widget_type=\"text-editor.default\">\n\t\t\t\t<div class=\"elementor-widget-container\">\n\t\t\t\t\t\t\t<p><b><img loading=\"lazy\" decoding=\"async\" class=\"size-medium wp-image-5804 alignright\" src=\"https:\/\/wpsites.agenciakerno.com.br\/ear-site\/wp-content\/uploads\/2021\/07\/4.5.3-G1-5-Curriculum-7-300x300.png\" alt=\"\" width=\"300\" height=\"300\" srcset=\"https:\/\/www.ear.com.br\/wp-content\/uploads\/2021\/07\/4.5.3-G1-5-Curriculum-7-300x300.png 300w, https:\/\/www.ear.com.br\/wp-content\/uploads\/2021\/07\/4.5.3-G1-5-Curriculum-7-150x150.png 150w, https:\/\/www.ear.com.br\/wp-content\/uploads\/2021\/07\/4.5.3-G1-5-Curriculum-7-230x230.png 230w, https:\/\/www.ear.com.br\/wp-content\/uploads\/2021\/07\/4.5.3-G1-5-Curriculum-7-400x400.png 400w, https:\/\/www.ear.com.br\/wp-content\/uploads\/2021\/07\/4.5.3-G1-5-Curriculum-7.png 500w\" sizes=\"auto, (max-width: 300px) 100vw, 300px\" \/>Portugu\u00eas <\/b><\/p>\n<p><span style=\"font-weight: 400;\">A cole\u00e7\u00e3o Portugu\u00eas: Linguagens apresenta um curso completo de L\u00edngua Portuguesa com atividades planejadas de leitura de textos verbais e n\u00e3o verbais e produ\u00e7\u00e3o de diversos g\u00eaneros, propondo reflex\u00e3o sobre a linguagem e a aprendizagem cont\u00ednua dos alunos.<\/span><\/p>\n<p><span style=\"font-weight: 400;\">&#8211; Este Curr\u00edculo est\u00e1 em conson\u00e2ncia com o BNCC, o trabalho pretendido para os primeiros anos foi reformulado com \u00eanfase na oralidade, trazendo in\u00fameras atividades.<\/span><\/p>\n<p><span style=\"font-weight: 400;\">Al\u00e9m dessas cinco \u00e1reas centrais de estudo, os alunos do Ensino Fundamental (ES) tamb\u00e9m tem aulas de Arte, M\u00fasica, Educa\u00e7\u00e3o F\u00edsica, Biblioteca e Hist\u00f3ria \/ Geografia do Brasil. <\/span><\/p>\n\t\t\t\t\t\t<\/div>\n\t\t\t\t<\/div>\n\t\t\t\t\t<\/div>\n\t\t<\/div>\n\t\t\t\t\t\t\t<\/div>\n\t\t<\/section>\n\t\t\t\t\t\t\t<\/div>\n\t\t","protected":false},"excerpt":{"rendered":"<p>Desenvolvendo Habilidades que Tornam Crian\u00e7as Prontas para o Futuro No Elementary School, a EAR possui um curr\u00edculo base que consiste em cinco \u00e1reas distintas de estudo prim\u00e1rio. S\u00e3o elas: L\u00edngua [&hellip;]<\/p>\n","protected":false},"author":1,"featured_media":0,"parent":6533,"menu_order":0,"comment_status":"closed","ping_status":"closed","template":"elementor_header_footer","meta":{"footnotes":""},"class_list":["post-6456","page","type-page","status-publish","hentry"],"_links":{"self":[{"href":"https:\/\/www.ear.com.br\/pt-br\/wp-json\/wp\/v2\/pages\/6456","targetHints":{"allow":["GET"]}}],"collection":[{"href":"https:\/\/www.ear.com.br\/pt-br\/wp-json\/wp\/v2\/pages"}],"about":[{"href":"https:\/\/www.ear.com.br\/pt-br\/wp-json\/wp\/v2\/types\/page"}],"author":[{"embeddable":true,"href":"https:\/\/www.ear.com.br\/pt-br\/wp-json\/wp\/v2\/users\/1"}],"replies":[{"embeddable":true,"href":"https:\/\/www.ear.com.br\/pt-br\/wp-json\/wp\/v2\/comments?post=6456"}],"version-history":[{"count":2,"href":"https:\/\/www.ear.com.br\/pt-br\/wp-json\/wp\/v2\/pages\/6456\/revisions"}],"predecessor-version":[{"id":6903,"href":"https:\/\/www.ear.com.br\/pt-br\/wp-json\/wp\/v2\/pages\/6456\/revisions\/6903"}],"up":[{"embeddable":true,"href":"https:\/\/www.ear.com.br\/pt-br\/wp-json\/wp\/v2\/pages\/6533"}],"wp:attachment":[{"href":"https:\/\/www.ear.com.br\/pt-br\/wp-json\/wp\/v2\/media?parent=6456"}],"curies":[{"name":"wp","href":"https:\/\/api.w.org\/{rel}","templated":true}]}}