{"id":6531,"date":"2021-04-06T19:45:50","date_gmt":"2021-04-06T19:45:50","guid":{"rendered":"https:\/\/wpsites.agenciakerno.com.br\/ear-site\/brazilian-studies-program\/"},"modified":"2022-11-17T21:31:37","modified_gmt":"2022-11-17T21:31:37","slug":"brazilian-studies-program","status":"publish","type":"page","link":"https:\/\/www.ear.com.br\/pt-br\/learning\/elementary-school\/brazilian-studies-program\/","title":{"rendered":"Programa de Estudos Brasileiros"},"content":{"rendered":"\t\t<div data-elementor-type=\"wp-page\" data-elementor-id=\"6531\" class=\"elementor elementor-6531 elementor-3467\">\n\t\t\t\t\t\t\t\t\t<section data-dce-background-color=\"#F7F7F7\" data-dce-background-overlay-color=\"#000000\" data-dce-background-image-url=\"https:\/\/ear.com.br\/wp-content\/uploads\/2022\/02\/03.4-head-brazilian-studies.jpg\" class=\"elementor-section elementor-top-section elementor-element elementor-element-e9e8b55 elementor-section-height-min-height elementor-section-boxed elementor-section-height-default elementor-section-items-middle\" data-id=\"e9e8b55\" data-element_type=\"section\" data-settings=\"{&quot;jet_parallax_layout_list&quot;:[{&quot;jet_parallax_layout_image&quot;:{&quot;url&quot;:&quot;&quot;,&quot;id&quot;:&quot;&quot;},&quot;_id&quot;:&quot;3409c09&quot;,&quot;jet_parallax_layout_image_tablet&quot;:{&quot;url&quot;:&quot;&quot;,&quot;id&quot;:&quot;&quot;},&quot;jet_parallax_layout_image_mobile&quot;:{&quot;url&quot;:&quot;&quot;,&quot;id&quot;:&quot;&quot;},&quot;jet_parallax_layout_speed&quot;:{&quot;unit&quot;:&quot;%&quot;,&quot;size&quot;:50,&quot;sizes&quot;:[]},&quot;jet_parallax_layout_type&quot;:&quot;scroll&quot;,&quot;jet_parallax_layout_direction&quot;:null,&quot;jet_parallax_layout_fx_direction&quot;:null,&quot;jet_parallax_layout_z_index&quot;:&quot;&quot;,&quot;jet_parallax_layout_bg_x&quot;:50,&quot;jet_parallax_layout_bg_x_tablet&quot;:&quot;&quot;,&quot;jet_parallax_layout_bg_x_mobile&quot;:&quot;&quot;,&quot;jet_parallax_layout_bg_y&quot;:50,&quot;jet_parallax_layout_bg_y_tablet&quot;:&quot;&quot;,&quot;jet_parallax_layout_bg_y_mobile&quot;:&quot;&quot;,&quot;jet_parallax_layout_bg_size&quot;:&quot;auto&quot;,&quot;jet_parallax_layout_bg_size_tablet&quot;:&quot;&quot;,&quot;jet_parallax_layout_bg_size_mobile&quot;:&quot;&quot;,&quot;jet_parallax_layout_animation_prop&quot;:&quot;transform&quot;,&quot;jet_parallax_layout_on&quot;:[&quot;desktop&quot;,&quot;tablet&quot;]}],&quot;background_background&quot;:&quot;classic&quot;}\">\n\t\t\t\t\t\t\t<div class=\"elementor-background-overlay\"><\/div>\n\t\t\t\t\t\t\t<div class=\"elementor-container elementor-column-gap-no\">\n\t\t\t\t\t<div class=\"elementor-column elementor-col-50 elementor-top-column elementor-element elementor-element-6528d28\" data-id=\"6528d28\" data-element_type=\"column\">\n\t\t\t<div class=\"elementor-widget-wrap elementor-element-populated\">\n\t\t\t\t\t\t\t\t<div class=\"elementor-element elementor-element-a488765 elementor-widget elementor-widget-heading\" data-id=\"a488765\" data-element_type=\"widget\" data-widget_type=\"heading.default\">\n\t\t\t\t<div class=\"elementor-widget-container\">\n\t\t\t<h1 class=\"elementor-heading-title elementor-size-default\">Estudos Brasileiros<\/h1>\t\t<\/div>\n\t\t\t\t<\/div>\n\t\t\t\t<div class=\"elementor-element elementor-element-9189e8a elementor-widget-divider--view-line elementor-widget elementor-widget-divider\" data-id=\"9189e8a\" data-element_type=\"widget\" data-widget_type=\"divider.default\">\n\t\t\t\t<div class=\"elementor-widget-container\">\n\t\t\t\t\t<div class=\"elementor-divider\">\n\t\t\t<span class=\"elementor-divider-separator\">\n\t\t\t\t\t\t<\/span>\n\t\t<\/div>\n\t\t\t\t<\/div>\n\t\t\t\t<\/div>\n\t\t\t\t<div class=\"elementor-element elementor-element-a4ac172 elementor-widget elementor-widget-text-editor\" data-id=\"a4ac172\" data-element_type=\"widget\" data-widget_type=\"text-editor.default\">\n\t\t\t\t<div class=\"elementor-widget-container\">\n\t\t\t\t\t\t\t<p>Temos um grande prazer em poder participar da forma\u00e7\u00e3o acad\u00eamica dos nossos alunos, oferecendo o nosso programa de Estudos Brasileiros.<\/p>\n\t\t\t\t\t\t<\/div>\n\t\t\t\t<\/div>\n\t\t\t\t\t<\/div>\n\t\t<\/div>\n\t\t\t\t<div class=\"elementor-column elementor-col-50 elementor-top-column elementor-element elementor-element-3f55161\" data-id=\"3f55161\" data-element_type=\"column\">\n\t\t\t<div class=\"elementor-widget-wrap\">\n\t\t\t\t\t\t\t\t\t<\/div>\n\t\t<\/div>\n\t\t\t\t\t\t\t<\/div>\n\t\t<\/section>\n\t\t\t\t<section class=\"elementor-section elementor-top-section elementor-element elementor-element-28d27fbb elementor-section-stretched elementor-section-boxed elementor-section-height-default elementor-section-height-default\" data-id=\"28d27fbb\" data-element_type=\"section\" data-settings=\"{&quot;stretch_section&quot;:&quot;section-stretched&quot;,&quot;jet_parallax_layout_list&quot;:[{&quot;jet_parallax_layout_image&quot;:{&quot;url&quot;:&quot;&quot;,&quot;id&quot;:&quot;&quot;},&quot;_id&quot;:&quot;b293334&quot;,&quot;jet_parallax_layout_image_tablet&quot;:{&quot;url&quot;:&quot;&quot;,&quot;id&quot;:&quot;&quot;},&quot;jet_parallax_layout_image_mobile&quot;:{&quot;url&quot;:&quot;&quot;,&quot;id&quot;:&quot;&quot;},&quot;jet_parallax_layout_speed&quot;:{&quot;unit&quot;:&quot;%&quot;,&quot;size&quot;:50,&quot;sizes&quot;:[]},&quot;jet_parallax_layout_type&quot;:&quot;scroll&quot;,&quot;jet_parallax_layout_direction&quot;:null,&quot;jet_parallax_layout_fx_direction&quot;:null,&quot;jet_parallax_layout_z_index&quot;:&quot;&quot;,&quot;jet_parallax_layout_bg_x&quot;:50,&quot;jet_parallax_layout_bg_x_tablet&quot;:&quot;&quot;,&quot;jet_parallax_layout_bg_x_mobile&quot;:&quot;&quot;,&quot;jet_parallax_layout_bg_y&quot;:50,&quot;jet_parallax_layout_bg_y_tablet&quot;:&quot;&quot;,&quot;jet_parallax_layout_bg_y_mobile&quot;:&quot;&quot;,&quot;jet_parallax_layout_bg_size&quot;:&quot;auto&quot;,&quot;jet_parallax_layout_bg_size_tablet&quot;:&quot;&quot;,&quot;jet_parallax_layout_bg_size_mobile&quot;:&quot;&quot;,&quot;jet_parallax_layout_animation_prop&quot;:&quot;transform&quot;,&quot;jet_parallax_layout_on&quot;:[&quot;desktop&quot;,&quot;tablet&quot;]}]}\">\n\t\t\t\t\t\t<div class=\"elementor-container elementor-column-gap-no\">\n\t\t\t\t\t<div class=\"elementor-column elementor-col-100 elementor-top-column elementor-element elementor-element-e7f4bc0\" data-id=\"e7f4bc0\" data-element_type=\"column\">\n\t\t\t<div class=\"elementor-widget-wrap elementor-element-populated\">\n\t\t\t\t\t\t\t\t<div class=\"elementor-element elementor-element-23fea217 elementor-widget elementor-widget-text-editor\" data-id=\"23fea217\" data-element_type=\"widget\" data-widget_type=\"text-editor.default\">\n\t\t\t\t<div class=\"elementor-widget-container\">\n\t\t\t\t\t\t\t<p>O Programa de Estudos Brasileiros da Escola Americana do Recife inclui as mat\u00e9rias obrigat\u00f3rias exigidas pelo Governo Brasileiro para que a Escola obtenha o credenciamento do Minist\u00e9rio da Educa\u00e7\u00e3o e Cultura (MEC) e funcione como uma institui\u00e7\u00e3o regulamentada e com curr\u00edculos v\u00e1lidos, nacional e internacionalmente para os cidad\u00e3os brasileiros.<\/p>\n<p>O nosso curr\u00edculo tem foco na Base Nacional Comum Curricular onde se preconiza compet\u00eancias e habilidades para a forma\u00e7\u00e3o acad\u00eamica geral e a transforma\u00e7\u00e3o dos alunos em cidad\u00e3os de alta performance cr\u00edtica, reflexiva e respons\u00e1vel para com o seu pa\u00eds e para com o mundo.<\/p>\n<p>O programa de Estudos Brasileiros est\u00e1 comprometido com a aprendizagem dos alunos, especialmente com a l\u00edngua materna, como refer\u00eancia de identidade, para os nativos, desde a Educa\u00e7\u00e3o Infantil ao Ensino M\u00e9dio. S\u00e3o crian\u00e7as e jovens que se desenvolvem, diariamente, atrav\u00e9s do conhecimento lingu\u00edstico como forma de acesso aos bens culturais, em L\u00edngua Portuguesa, sendo esta, a via de acesso \u00e0 Hist\u00f3ria e \u00e0 Geografia do seu pa\u00eds e suas rela\u00e7\u00f5es com o mundo civilizado ao longo da nossa hist\u00f3ria.<\/p>\n<p>Ressaltando-se os aspectos da arte e da cultura que complementam o curr\u00edculo integral, oferecido por nosso programa. Inclui-se, tamb\u00e9m, neste aprendizado conhecimentos de Filosofia e Sociologia A aprendizagem \u00e9 uma necessidade sistematizada que p\u00f5e sentido \u00e0 exist\u00eancia da escola como espa\u00e7o de socializa\u00e7\u00e3o do conhecimento.<\/p>\n<p>\u00c9 pela via da escola que os estudantes aprendem a lidar com a informa\u00e7\u00e3o, sendo protagonistas de suas pr\u00f3prias vidas. \u00c9 nesse sentido, que o programa de estudos brasileiros, na Escola Americana do Recife, colabora para o crescimento dos nossos estudantes em parceria com as fam\u00edlias para que tenhamos \u00eaxito e sucesso na aprendizagem. \u00c9 pela via da escola que os estudantes aprendem a lidar com a informa\u00e7\u00e3o, sendo protagonistas de suas pr\u00f3prias vidas.<\/p>\n\t\t\t\t\t\t<\/div>\n\t\t\t\t<\/div>\n\t\t\t\t\t<\/div>\n\t\t<\/div>\n\t\t\t\t\t\t\t<\/div>\n\t\t<\/section>\n\t\t\t\t<section data-dce-background-color=\"#5A50B1\" data-dce-background-image-url=\"https:\/\/ear.com.br\/wp-content\/uploads\/2020\/12\/detalhe-test.png\" class=\"elementor-section elementor-top-section elementor-element elementor-element-9392d59 elementor-section-boxed elementor-section-height-default elementor-section-height-default\" data-id=\"9392d59\" data-element_type=\"section\" data-settings=\"{&quot;jet_parallax_layout_list&quot;:[{&quot;jet_parallax_layout_image&quot;:{&quot;url&quot;:&quot;&quot;,&quot;id&quot;:&quot;&quot;},&quot;_id&quot;:&quot;3409c09&quot;,&quot;jet_parallax_layout_image_tablet&quot;:{&quot;url&quot;:&quot;&quot;,&quot;id&quot;:&quot;&quot;},&quot;jet_parallax_layout_image_mobile&quot;:{&quot;url&quot;:&quot;&quot;,&quot;id&quot;:&quot;&quot;},&quot;jet_parallax_layout_speed&quot;:{&quot;unit&quot;:&quot;%&quot;,&quot;size&quot;:50,&quot;sizes&quot;:[]},&quot;jet_parallax_layout_type&quot;:&quot;scroll&quot;,&quot;jet_parallax_layout_direction&quot;:null,&quot;jet_parallax_layout_fx_direction&quot;:null,&quot;jet_parallax_layout_z_index&quot;:&quot;&quot;,&quot;jet_parallax_layout_bg_x&quot;:50,&quot;jet_parallax_layout_bg_x_tablet&quot;:&quot;&quot;,&quot;jet_parallax_layout_bg_x_mobile&quot;:&quot;&quot;,&quot;jet_parallax_layout_bg_y&quot;:50,&quot;jet_parallax_layout_bg_y_tablet&quot;:&quot;&quot;,&quot;jet_parallax_layout_bg_y_mobile&quot;:&quot;&quot;,&quot;jet_parallax_layout_bg_size&quot;:&quot;auto&quot;,&quot;jet_parallax_layout_bg_size_tablet&quot;:&quot;&quot;,&quot;jet_parallax_layout_bg_size_mobile&quot;:&quot;&quot;,&quot;jet_parallax_layout_animation_prop&quot;:&quot;transform&quot;,&quot;jet_parallax_layout_on&quot;:[&quot;desktop&quot;,&quot;tablet&quot;]}],&quot;background_background&quot;:&quot;classic&quot;}\">\n\t\t\t\t\t\t<div class=\"elementor-container elementor-column-gap-no\">\n\t\t\t\t\t<div class=\"elementor-column elementor-col-50 elementor-top-column elementor-element elementor-element-5acd12d\" data-id=\"5acd12d\" data-element_type=\"column\">\n\t\t\t<div class=\"elementor-widget-wrap elementor-element-populated\">\n\t\t\t\t\t\t\t\t<div class=\"elementor-element elementor-element-e7e3ba5 dce_masking-none elementor-widget elementor-widget-image\" data-id=\"e7e3ba5\" data-element_type=\"widget\" data-widget_type=\"image.default\">\n\t\t\t\t<div class=\"elementor-widget-container\">\n\t\t\t\t\t\t\t\t\t\t\t\t\t\t\t<img loading=\"lazy\" decoding=\"async\" width=\"683\" height=\"1024\" src=\"https:\/\/www.ear.com.br\/wp-content\/uploads\/2022\/02\/Quintino-Silva-Jr.-13-683x1024.jpg\" class=\"attachment-large size-large\" alt=\"\" srcset=\"https:\/\/www.ear.com.br\/wp-content\/uploads\/2022\/02\/Quintino-Silva-Jr.-13-683x1024.jpg 683w, https:\/\/www.ear.com.br\/wp-content\/uploads\/2022\/02\/Quintino-Silva-Jr.-13-200x300.jpg 200w, https:\/\/www.ear.com.br\/wp-content\/uploads\/2022\/02\/Quintino-Silva-Jr.-13-768x1152.jpg 768w, https:\/\/www.ear.com.br\/wp-content\/uploads\/2022\/02\/Quintino-Silva-Jr.-13-600x900.jpg 600w, https:\/\/www.ear.com.br\/wp-content\/uploads\/2022\/02\/Quintino-Silva-Jr.-13-rotated.jpg 880w\" sizes=\"auto, (max-width: 683px) 100vw, 683px\" \/>\t\t\t\t\t\t\t\t\t\t\t\t\t\t\t<\/div>\n\t\t\t\t<\/div>\n\t\t\t\t\t<\/div>\n\t\t<\/div>\n\t\t\t\t<div class=\"elementor-column elementor-col-50 elementor-top-column elementor-element elementor-element-af9dda2\" data-id=\"af9dda2\" data-element_type=\"column\">\n\t\t\t<div class=\"elementor-widget-wrap elementor-element-populated\">\n\t\t\t\t\t\t\t\t<div class=\"elementor-element elementor-element-9343d1b elementor-widget elementor-widget-heading\" data-id=\"9343d1b\" data-element_type=\"widget\" data-widget_type=\"heading.default\">\n\t\t\t\t<div class=\"elementor-widget-container\">\n\t\t\t<h2 class=\"elementor-heading-title elementor-size-default\">\"A educa\u00e7\u00e3o \u00e9 a arma mais poderosa que voc\u00ea pode usar para mudar o mundo.\" Nelson Mandela<\/h2>\t\t<\/div>\n\t\t\t\t<\/div>\n\t\t\t\t<div class=\"elementor-element elementor-element-3b4de00 elementor-widget-divider--view-line elementor-widget elementor-widget-divider\" data-id=\"3b4de00\" data-element_type=\"widget\" data-widget_type=\"divider.default\">\n\t\t\t\t<div class=\"elementor-widget-container\">\n\t\t\t\t\t<div class=\"elementor-divider\">\n\t\t\t<span class=\"elementor-divider-separator\">\n\t\t\t\t\t\t<\/span>\n\t\t<\/div>\n\t\t\t\t<\/div>\n\t\t\t\t<\/div>\n\t\t\t\t<div class=\"elementor-element elementor-element-61aed59 elementor-widget elementor-widget-text-editor\" data-id=\"61aed59\" data-element_type=\"widget\" data-widget_type=\"text-editor.default\">\n\t\t\t\t<div class=\"elementor-widget-container\">\n\t\t\t\t\t\t\t<p><span style=\"font-weight: 400;\">Quintino Orengo<br \/><\/span><span style=\"font-weight: 400;\">Diretor de Estudos Brasileiros<br \/><\/span><span style=\"font-weight: 400;\">Escola Americana do Recife<br \/><\/span><span style=\"font-weight: 400;\">quintino.orengo@ear.com.br<\/span><\/p>\n\t\t\t\t\t\t<\/div>\n\t\t\t\t<\/div>\n\t\t\t\t\t<\/div>\n\t\t<\/div>\n\t\t\t\t\t\t\t<\/div>\n\t\t<\/section>\n\t\t\t\t\t\t\t<\/div>\n\t\t","protected":false},"excerpt":{"rendered":"<p>Estudos Brasileiros Temos um grande prazer em poder participar da forma\u00e7\u00e3o acad\u00eamica dos nossos alunos, oferecendo o nosso programa de Estudos Brasileiros. O Programa de Estudos Brasileiros da Escola Americana [&hellip;]<\/p>\n","protected":false},"author":1,"featured_media":0,"parent":6533,"menu_order":0,"comment_status":"closed","ping_status":"closed","template":"elementor_header_footer","meta":{"footnotes":""},"class_list":["post-6531","page","type-page","status-publish","hentry"],"_links":{"self":[{"href":"https:\/\/www.ear.com.br\/pt-br\/wp-json\/wp\/v2\/pages\/6531","targetHints":{"allow":["GET"]}}],"collection":[{"href":"https:\/\/www.ear.com.br\/pt-br\/wp-json\/wp\/v2\/pages"}],"about":[{"href":"https:\/\/www.ear.com.br\/pt-br\/wp-json\/wp\/v2\/types\/page"}],"author":[{"embeddable":true,"href":"https:\/\/www.ear.com.br\/pt-br\/wp-json\/wp\/v2\/users\/1"}],"replies":[{"embeddable":true,"href":"https:\/\/www.ear.com.br\/pt-br\/wp-json\/wp\/v2\/comments?post=6531"}],"version-history":[{"count":4,"href":"https:\/\/www.ear.com.br\/pt-br\/wp-json\/wp\/v2\/pages\/6531\/revisions"}],"predecessor-version":[{"id":20912,"href":"https:\/\/www.ear.com.br\/pt-br\/wp-json\/wp\/v2\/pages\/6531\/revisions\/20912"}],"up":[{"embeddable":true,"href":"https:\/\/www.ear.com.br\/pt-br\/wp-json\/wp\/v2\/pages\/6533"}],"wp:attachment":[{"href":"https:\/\/www.ear.com.br\/pt-br\/wp-json\/wp\/v2\/media?parent=6531"}],"curies":[{"name":"wp","href":"https:\/\/api.w.org\/{rel}","templated":true}]}}