{"id":6557,"date":"2021-02-24T03:05:20","date_gmt":"2021-02-24T03:05:20","guid":{"rendered":"https:\/\/wpsites.agenciakerno.com.br\/ear-site\/about-us\/history\/"},"modified":"2023-03-23T20:40:16","modified_gmt":"2023-03-23T20:40:16","slug":"history","status":"publish","type":"page","link":"https:\/\/www.ear.com.br\/pt-br\/about-us\/history\/","title":{"rendered":"Hist\u00f3ria"},"content":{"rendered":"\t\t<div data-elementor-type=\"wp-page\" data-elementor-id=\"6557\" class=\"elementor elementor-6557 elementor-2847\">\n\t\t\t\t\t\t\t\t\t<section class=\"elementor-section elementor-top-section elementor-element elementor-element-9071df3 elementor-section-boxed elementor-section-height-default elementor-section-height-default\" data-id=\"9071df3\" data-element_type=\"section\" data-settings=\"{&quot;jet_parallax_layout_list&quot;:[{&quot;jet_parallax_layout_image&quot;:{&quot;url&quot;:&quot;&quot;,&quot;id&quot;:&quot;&quot;},&quot;_id&quot;:&quot;5d10b89&quot;,&quot;jet_parallax_layout_image_tablet&quot;:{&quot;url&quot;:&quot;&quot;,&quot;id&quot;:&quot;&quot;},&quot;jet_parallax_layout_image_mobile&quot;:{&quot;url&quot;:&quot;&quot;,&quot;id&quot;:&quot;&quot;},&quot;jet_parallax_layout_speed&quot;:{&quot;unit&quot;:&quot;%&quot;,&quot;size&quot;:50,&quot;sizes&quot;:[]},&quot;jet_parallax_layout_type&quot;:&quot;scroll&quot;,&quot;jet_parallax_layout_direction&quot;:null,&quot;jet_parallax_layout_fx_direction&quot;:null,&quot;jet_parallax_layout_z_index&quot;:&quot;&quot;,&quot;jet_parallax_layout_bg_x&quot;:50,&quot;jet_parallax_layout_bg_x_tablet&quot;:&quot;&quot;,&quot;jet_parallax_layout_bg_x_mobile&quot;:&quot;&quot;,&quot;jet_parallax_layout_bg_y&quot;:50,&quot;jet_parallax_layout_bg_y_tablet&quot;:&quot;&quot;,&quot;jet_parallax_layout_bg_y_mobile&quot;:&quot;&quot;,&quot;jet_parallax_layout_bg_size&quot;:&quot;auto&quot;,&quot;jet_parallax_layout_bg_size_tablet&quot;:&quot;&quot;,&quot;jet_parallax_layout_bg_size_mobile&quot;:&quot;&quot;,&quot;jet_parallax_layout_animation_prop&quot;:&quot;transform&quot;,&quot;jet_parallax_layout_on&quot;:[&quot;desktop&quot;,&quot;tablet&quot;]}]}\">\n\t\t\t\t\t\t<div class=\"elementor-container elementor-column-gap-no\">\n\t\t\t\t\t<div class=\"elementor-column elementor-col-100 elementor-top-column elementor-element elementor-element-42ba671\" data-id=\"42ba671\" data-element_type=\"column\">\n\t\t\t<div class=\"elementor-widget-wrap elementor-element-populated\">\n\t\t\t\t\t\t\t\t<div class=\"elementor-element elementor-element-63f455c elementor-widget elementor-widget-heading\" data-id=\"63f455c\" data-element_type=\"widget\" data-widget_type=\"heading.default\">\n\t\t\t\t<div class=\"elementor-widget-container\">\n\t\t\t<h2 class=\"elementor-heading-title elementor-size-default\">Hist\u00f3ria<\/h2>\t\t<\/div>\n\t\t\t\t<\/div>\n\t\t\t\t<div class=\"elementor-element elementor-element-f828983 elementor-widget-divider--view-line elementor-widget elementor-widget-divider\" data-id=\"f828983\" data-element_type=\"widget\" data-widget_type=\"divider.default\">\n\t\t\t\t<div class=\"elementor-widget-container\">\n\t\t\t\t\t<div class=\"elementor-divider\">\n\t\t\t<span class=\"elementor-divider-separator\">\n\t\t\t\t\t\t<\/span>\n\t\t<\/div>\n\t\t\t\t<\/div>\n\t\t\t\t<\/div>\n\t\t\t\t<div class=\"elementor-element elementor-element-2d8f84a elementor-widget elementor-widget-jet-timeline\" data-id=\"2d8f84a\" data-element_type=\"widget\" data-widget_type=\"jet-timeline.default\">\n\t\t\t\t<div class=\"elementor-widget-container\">\n\t\t\t<div class=\"elementor-jet-timeline jet-elements\"><div class=\"jet-timeline jet-timeline--align-center jet-timeline--align-top\">\n\t<div class=\"jet-timeline__line\"><div class=\"jet-timeline__line-progress\"><\/div><\/div>\n\t<div class=\"jet-timeline-list\"><div class=\"jet-timeline-item  elementor-repeater-item-88250a6 jet-timeline-item--image-inside\">\n\t<div class=\"timeline-item__card\">\n\t\t<div class=\"timeline-item__card-inner\">\n\t\t\t\t<div class=\"timeline-item__card-img\"><img loading=\"lazy\" decoding=\"async\" width=\"912\" height=\"1216\" src=\"https:\/\/www.ear.com.br\/wp-content\/uploads\/2021\/07\/1956-presbiteriana-da-madalena-Church.jpg\" class=\"attachment-full size-full\" alt=\"\" srcset=\"https:\/\/www.ear.com.br\/wp-content\/uploads\/2021\/07\/1956-presbiteriana-da-madalena-Church.jpg 912w, https:\/\/www.ear.com.br\/wp-content\/uploads\/2021\/07\/1956-presbiteriana-da-madalena-Church-225x300.jpg 225w, https:\/\/www.ear.com.br\/wp-content\/uploads\/2021\/07\/1956-presbiteriana-da-madalena-Church-768x1024.jpg 768w, https:\/\/www.ear.com.br\/wp-content\/uploads\/2021\/07\/1956-presbiteriana-da-madalena-Church-600x800.jpg 600w\" sizes=\"auto, (max-width: 912px) 100vw, 912px\" \/><\/div>\t\t\t\t<div class=\"timeline-item__card-content\">\n\t\t\t\t\t<div class=\"timeline-item__meta\"><div class=\"timeline-item__meta-content\">1956-1957<\/div><\/div><p class=\"timeline-item__card-title\">Igreja Presbiteriana da Madalena<\/p><div class=\"timeline-item__card-desc\">A Escola Americana do Recife nasceu durante o ano letivo de 1956-1957, quando duas m\u00e3es mission\u00e1rias come\u00e7aram a ensinar crian\u00e7as de quatro fam\u00edlias em v\u00e1rias s\u00e9ries, usando o Curso de Correspond\u00eancia Calvert, no pr\u00e9dio da Igreja Presbiteriana Madalena.<\/div>\t\t\t\t<\/div>\n\t\t\t\t\t\t<\/div>\n\t\t<div class=\"timeline-item__card-arrow\"><\/div>\n\t<\/div>\n\t<div class=\"timeline-item__point\"><div class=\"timeline-item__point-content timeline-item__point-content--icon\"><span class=\"jet-elements-icon\"><i aria-hidden=\"true\" class=\"fas fa-circle\"><\/i><\/span><\/div><\/div><div class=\"timeline-item__meta\"><div class=\"timeline-item__meta-content\">1956-1957<\/div><\/div><\/div><div class=\"jet-timeline-item  elementor-repeater-item-e532c9f jet-timeline-item--image-inside\">\n\t<div class=\"timeline-item__card\">\n\t\t<div class=\"timeline-item__card-inner\">\n\t\t\t\t<div class=\"timeline-item__card-img\"><img loading=\"lazy\" decoding=\"async\" width=\"927\" height=\"769\" src=\"https:\/\/www.ear.com.br\/wp-content\/uploads\/2021\/07\/1957-Small-rented-house.jpeg\" class=\"attachment-full size-full\" alt=\"\" srcset=\"https:\/\/www.ear.com.br\/wp-content\/uploads\/2021\/07\/1957-Small-rented-house.jpeg 927w, https:\/\/www.ear.com.br\/wp-content\/uploads\/2021\/07\/1957-Small-rented-house-300x249.jpeg 300w, https:\/\/www.ear.com.br\/wp-content\/uploads\/2021\/07\/1957-Small-rented-house-768x637.jpeg 768w, https:\/\/www.ear.com.br\/wp-content\/uploads\/2021\/07\/1957-Small-rented-house-600x498.jpeg 600w\" sizes=\"auto, (max-width: 927px) 100vw, 927px\" \/><\/div>\t\t\t\t<div class=\"timeline-item__card-content\">\n\t\t\t\t\t<div class=\"timeline-item__meta\"><div class=\"timeline-item__meta-content\">1957<\/div><\/div><p class=\"timeline-item__card-title\">Casa Alugada<\/p><div class=\"timeline-item__card-desc\">A Escola foi transferida para uma pequena casa alugada atr\u00e1s do Edif\u00edcio Holiday em Boa Viagem.\n<\/div>\t\t\t\t<\/div>\n\t\t\t\t\t\t<\/div>\n\t\t<div class=\"timeline-item__card-arrow\"><\/div>\n\t<\/div>\n\t<div class=\"timeline-item__point\"><div class=\"timeline-item__point-content timeline-item__point-content--icon\"><span class=\"jet-elements-icon\"><i aria-hidden=\"true\" class=\"fas fa-circle\"><\/i><\/span><\/div><\/div><div class=\"timeline-item__meta\"><div class=\"timeline-item__meta-content\">1957<\/div><\/div><\/div><div class=\"jet-timeline-item  elementor-repeater-item-b49a551 jet-timeline-item--image-inside\">\n\t<div class=\"timeline-item__card\">\n\t\t<div class=\"timeline-item__card-inner\">\n\t\t\t\t<div class=\"timeline-item__card-img\"><img loading=\"lazy\" decoding=\"async\" width=\"1018\" height=\"714\" src=\"https:\/\/www.ear.com.br\/wp-content\/uploads\/2021\/07\/Captura-de-Tela-2021-07-21-a\u0300s-23.45.03.png\" class=\"attachment-full size-full\" alt=\"\" srcset=\"https:\/\/www.ear.com.br\/wp-content\/uploads\/2021\/07\/Captura-de-Tela-2021-07-21-a\u0300s-23.45.03.png 1018w, https:\/\/www.ear.com.br\/wp-content\/uploads\/2021\/07\/Captura-de-Tela-2021-07-21-a\u0300s-23.45.03-300x210.png 300w, https:\/\/www.ear.com.br\/wp-content\/uploads\/2021\/07\/Captura-de-Tela-2021-07-21-a\u0300s-23.45.03-768x539.png 768w, https:\/\/www.ear.com.br\/wp-content\/uploads\/2021\/07\/Captura-de-Tela-2021-07-21-a\u0300s-23.45.03-600x421.png 600w\" sizes=\"auto, (max-width: 1018px) 100vw, 1018px\" \/><\/div>\t\t\t\t<div class=\"timeline-item__card-content\">\n\t\t\t\t\t<div class=\"timeline-item__meta\"><div class=\"timeline-item__meta-content\">1958<\/div><\/div><p class=\"timeline-item__card-title\">Movimento Cont\u00ednuo<\/p><div class=\"timeline-item__card-desc\">A popula\u00e7\u00e3o escolar continuou a crescer, exigindo duas mudan\u00e7as adicionais para lugares maiores: primeiro para uma casa na Avenida Ant\u00f4nio Falc\u00e3o em 1958 e depois para uma casa de dois andares atr\u00e1s do antigo Restaurante Porc\u00e3o.<\/div>\t\t\t\t<\/div>\n\t\t\t\t\t\t<\/div>\n\t\t<div class=\"timeline-item__card-arrow\"><\/div>\n\t<\/div>\n\t<div class=\"timeline-item__point\"><div class=\"timeline-item__point-content timeline-item__point-content--icon\"><span class=\"jet-elements-icon\"><i aria-hidden=\"true\" class=\"fas fa-circle\"><\/i><\/span><\/div><\/div><div class=\"timeline-item__meta\"><div class=\"timeline-item__meta-content\">1958<\/div><\/div><\/div><div class=\"jet-timeline-item  elementor-repeater-item-e66ff21 jet-timeline-item--image-inside\">\n\t<div class=\"timeline-item__card\">\n\t\t<div class=\"timeline-item__card-inner\">\n\t\t\t\t<div class=\"timeline-item__card-img\"><img loading=\"lazy\" decoding=\"async\" width=\"993\" height=\"785\" src=\"https:\/\/www.ear.com.br\/wp-content\/uploads\/2021\/07\/1962-EAR_s-Ground.jpeg\" class=\"attachment-full size-full\" alt=\"\" srcset=\"https:\/\/www.ear.com.br\/wp-content\/uploads\/2021\/07\/1962-EAR_s-Ground.jpeg 993w, https:\/\/www.ear.com.br\/wp-content\/uploads\/2021\/07\/1962-EAR_s-Ground-300x237.jpeg 300w, https:\/\/www.ear.com.br\/wp-content\/uploads\/2021\/07\/1962-EAR_s-Ground-768x607.jpeg 768w, https:\/\/www.ear.com.br\/wp-content\/uploads\/2021\/07\/1962-EAR_s-Ground-570x450.jpeg 570w, https:\/\/www.ear.com.br\/wp-content\/uploads\/2021\/07\/1962-EAR_s-Ground-600x474.jpeg 600w\" sizes=\"auto, (max-width: 993px) 100vw, 993px\" \/><\/div>\t\t\t\t<div class=\"timeline-item__card-content\">\n\t\t\t\t\t<div class=\"timeline-item__meta\"><div class=\"timeline-item__meta-content\">1962<\/div><\/div><p class=\"timeline-item__card-title\">Propriedade atual da escola<\/p><div class=\"timeline-item__card-desc\">O primeiro Conselho Escolar da EAR come\u00e7ou a funcionar, com pais \/ membros provenientes do governo dos EUA, mission\u00e1rios americanos e grupos empresariais. O Conselho Escolar, o Consulado dos EUA, a USAID e funcion\u00e1rios da For\u00e7a A\u00e9rea dos EUA baseados aqui em Recife juntaram for\u00e7as e influ\u00eancia para obter assist\u00eancia e subs\u00eddios do governo dos EUA, possibilitando a compra da propriedade atual da escola e a constru\u00e7\u00e3o inicial dos primeiros edif\u00edcios na Rua S\u00e1 e Souza<\/div>\t\t\t\t<\/div>\n\t\t\t\t\t\t<\/div>\n\t\t<div class=\"timeline-item__card-arrow\"><\/div>\n\t<\/div>\n\t<div class=\"timeline-item__point\"><div class=\"timeline-item__point-content timeline-item__point-content--icon\"><span class=\"jet-elements-icon\"><i aria-hidden=\"true\" class=\"fas fa-circle\"><\/i><\/span><\/div><\/div><div class=\"timeline-item__meta\"><div class=\"timeline-item__meta-content\">1962<\/div><\/div><\/div><div class=\"jet-timeline-item  elementor-repeater-item-04d9cc6 jet-timeline-item--image-inside\">\n\t<div class=\"timeline-item__card\">\n\t\t<div class=\"timeline-item__card-inner\">\n\t\t\t\t<div class=\"timeline-item__card-img\"><img loading=\"lazy\" decoding=\"async\" width=\"2560\" height=\"1744\" src=\"https:\/\/www.ear.com.br\/wp-content\/uploads\/2021\/07\/1963-Mr.-Bob-King-in-a-Pancake-Breakfast-Day-scaled.jpg\" class=\"attachment-full size-full\" alt=\"\" srcset=\"https:\/\/www.ear.com.br\/wp-content\/uploads\/2021\/07\/1963-Mr.-Bob-King-in-a-Pancake-Breakfast-Day-scaled.jpg 2560w, https:\/\/www.ear.com.br\/wp-content\/uploads\/2021\/07\/1963-Mr.-Bob-King-in-a-Pancake-Breakfast-Day-300x204.jpg 300w, https:\/\/www.ear.com.br\/wp-content\/uploads\/2021\/07\/1963-Mr.-Bob-King-in-a-Pancake-Breakfast-Day-1024x698.jpg 1024w, https:\/\/www.ear.com.br\/wp-content\/uploads\/2021\/07\/1963-Mr.-Bob-King-in-a-Pancake-Breakfast-Day-768x523.jpg 768w, https:\/\/www.ear.com.br\/wp-content\/uploads\/2021\/07\/1963-Mr.-Bob-King-in-a-Pancake-Breakfast-Day-1536x1047.jpg 1536w, https:\/\/www.ear.com.br\/wp-content\/uploads\/2021\/07\/1963-Mr.-Bob-King-in-a-Pancake-Breakfast-Day-2048x1396.jpg 2048w, https:\/\/www.ear.com.br\/wp-content\/uploads\/2021\/07\/1963-Mr.-Bob-King-in-a-Pancake-Breakfast-Day-600x409.jpg 600w\" sizes=\"auto, (max-width: 2560px) 100vw, 2560px\" \/><\/div>\t\t\t\t<div class=\"timeline-item__card-content\">\n\t\t\t\t\t<div class=\"timeline-item__meta\"><div class=\"timeline-item__meta-content\">1963<\/div><\/div><p class=\"timeline-item__card-title\">Sr. Bob King em um Dia de Caf\u00e9 da Manh\u00e3 com Panqueca<\/p><div class=\"timeline-item__card-desc\">Dr. Bob King, um ex-superintendente de escolas em Newhall, Calif\u00f3rnia, o primeiro diretor profissional em tempo integral da escola, come\u00e7ou a servir a comunidade escolar. Ele foi sucessor de uma das duas m\u00e3es mission\u00e1rias que fundou a escola em 1956 e implementou o primeiro programa educacional da Escola Americana e que serviria \u00e0 escola at\u00e9 1966.<\/div>\t\t\t\t<\/div>\n\t\t\t\t\t\t<\/div>\n\t\t<div class=\"timeline-item__card-arrow\"><\/div>\n\t<\/div>\n\t<div class=\"timeline-item__point\"><div class=\"timeline-item__point-content timeline-item__point-content--icon\"><span class=\"jet-elements-icon\"><i aria-hidden=\"true\" class=\"fas fa-circle\"><\/i><\/span><\/div><\/div><div class=\"timeline-item__meta\"><div class=\"timeline-item__meta-content\">1963<\/div><\/div><\/div><div class=\"jet-timeline-item  elementor-repeater-item-5f5eaf7 jet-timeline-item--image-inside\">\n\t<div class=\"timeline-item__card\">\n\t\t<div class=\"timeline-item__card-inner\">\n\t\t\t\t<div class=\"timeline-item__card-img\"><img loading=\"lazy\" decoding=\"async\" width=\"1183\" height=\"736\" src=\"https:\/\/www.ear.com.br\/wp-content\/uploads\/2021\/07\/1963-64-EAR-library.jpeg\" class=\"attachment-full size-full\" alt=\"\" srcset=\"https:\/\/www.ear.com.br\/wp-content\/uploads\/2021\/07\/1963-64-EAR-library.jpeg 1183w, https:\/\/www.ear.com.br\/wp-content\/uploads\/2021\/07\/1963-64-EAR-library-300x187.jpeg 300w, https:\/\/www.ear.com.br\/wp-content\/uploads\/2021\/07\/1963-64-EAR-library-1024x637.jpeg 1024w, https:\/\/www.ear.com.br\/wp-content\/uploads\/2021\/07\/1963-64-EAR-library-768x478.jpeg 768w, https:\/\/www.ear.com.br\/wp-content\/uploads\/2021\/07\/1963-64-EAR-library-600x373.jpeg 600w\" sizes=\"auto, (max-width: 1183px) 100vw, 1183px\" \/><\/div>\t\t\t\t<div class=\"timeline-item__card-content\">\n\t\t\t\t\t<div class=\"timeline-item__meta\"><div class=\"timeline-item__meta-content\">1963-64<\/div><\/div><p class=\"timeline-item__card-title\">Biblioteca da EAR<\/p><div class=\"timeline-item__card-desc\">Funcion\u00e1rios e estudantes mudaram-se para o terreno onde \u00e9 hoje a escola durante o ano letivo de 1963-64.<\/div>\t\t\t\t<\/div>\n\t\t\t\t\t\t<\/div>\n\t\t<div class=\"timeline-item__card-arrow\"><\/div>\n\t<\/div>\n\t<div class=\"timeline-item__point\"><div class=\"timeline-item__point-content timeline-item__point-content--icon\"><span class=\"jet-elements-icon\"><i aria-hidden=\"true\" class=\"fas fa-circle\"><\/i><\/span><\/div><\/div><div class=\"timeline-item__meta\"><div class=\"timeline-item__meta-content\">1963-64<\/div><\/div><\/div><div class=\"jet-timeline-item  elementor-repeater-item-789b038 jet-timeline-item--image-inside\">\n\t<div class=\"timeline-item__card\">\n\t\t<div class=\"timeline-item__card-inner\">\n\t\t\t\t<div class=\"timeline-item__card-img\"><img loading=\"lazy\" decoding=\"async\" width=\"836\" height=\"761\" src=\"https:\/\/www.ear.com.br\/wp-content\/uploads\/2021\/07\/1965-Dr.-Bob-King-with-the-Jangada-in-front-of-the-school.jpg\" class=\"attachment-full size-full\" alt=\"\" srcset=\"https:\/\/www.ear.com.br\/wp-content\/uploads\/2021\/07\/1965-Dr.-Bob-King-with-the-Jangada-in-front-of-the-school.jpg 836w, https:\/\/www.ear.com.br\/wp-content\/uploads\/2021\/07\/1965-Dr.-Bob-King-with-the-Jangada-in-front-of-the-school-300x273.jpg 300w, https:\/\/www.ear.com.br\/wp-content\/uploads\/2021\/07\/1965-Dr.-Bob-King-with-the-Jangada-in-front-of-the-school-768x699.jpg 768w, https:\/\/www.ear.com.br\/wp-content\/uploads\/2021\/07\/1965-Dr.-Bob-King-with-the-Jangada-in-front-of-the-school-600x546.jpg 600w\" sizes=\"auto, (max-width: 836px) 100vw, 836px\" \/><\/div>\t\t\t\t<div class=\"timeline-item__card-content\">\n\t\t\t\t\t<div class=\"timeline-item__meta\"><div class=\"timeline-item__meta-content\">1965<\/div><\/div><p class=\"timeline-item__card-title\">Dr. Bob King with the Jangada in front of the school<\/p><div class=\"timeline-item__card-desc\">O Yearbook de 1965 da EAR, chamado de \u201cAnu\u00e1rio do Jangadeiro\u201d, cobriu o ano letivo de 1964-65, nos fala muito sobre expans\u00e3o e desenvolvimento na escola durante aquele ano. Na \u00e1rea de recrea\u00e7\u00e3o infantil na frente da escola, a EAR tinha uma verdadeira \u201cjangada\u201d, e \u00e9 por isso que o Yearbook se chamava \u201cO Jangadeiro\u201d, e todo papel timbrado da escola tinha uma \u201cjangada\u201d. Na verdade, os atletas da EAR eram chamados de \u201cjangadeiros\u201d em vez de Eagles at\u00e9 a metade dos anos 70.<\/div>\t\t\t\t<\/div>\n\t\t\t\t\t\t<\/div>\n\t\t<div class=\"timeline-item__card-arrow\"><\/div>\n\t<\/div>\n\t<div class=\"timeline-item__point\"><div class=\"timeline-item__point-content timeline-item__point-content--icon\"><span class=\"jet-elements-icon\"><i aria-hidden=\"true\" class=\"fas fa-circle\"><\/i><\/span><\/div><\/div><div class=\"timeline-item__meta\"><div class=\"timeline-item__meta-content\">1965<\/div><\/div><\/div><div class=\"jet-timeline-item  elementor-repeater-item-959f534 jet-timeline-item--image-inside\">\n\t<div class=\"timeline-item__card\">\n\t\t<div class=\"timeline-item__card-inner\">\n\t\t\t\t<div class=\"timeline-item__card-img\"><img loading=\"lazy\" decoding=\"async\" width=\"1920\" height=\"2560\" src=\"https:\/\/www.ear.com.br\/wp-content\/uploads\/2021\/07\/1966-National-Honor-Society-scaled.jpeg\" class=\"attachment-full size-full\" alt=\"\" srcset=\"https:\/\/www.ear.com.br\/wp-content\/uploads\/2021\/07\/1966-National-Honor-Society-scaled.jpeg 1920w, https:\/\/www.ear.com.br\/wp-content\/uploads\/2021\/07\/1966-National-Honor-Society-225x300.jpeg 225w, https:\/\/www.ear.com.br\/wp-content\/uploads\/2021\/07\/1966-National-Honor-Society-768x1024.jpeg 768w, https:\/\/www.ear.com.br\/wp-content\/uploads\/2021\/07\/1966-National-Honor-Society-1152x1536.jpeg 1152w, https:\/\/www.ear.com.br\/wp-content\/uploads\/2021\/07\/1966-National-Honor-Society-1536x2048.jpeg 1536w, https:\/\/www.ear.com.br\/wp-content\/uploads\/2021\/07\/1966-National-Honor-Society-600x800.jpeg 600w\" sizes=\"auto, (max-width: 1920px) 100vw, 1920px\" \/><\/div>\t\t\t\t<div class=\"timeline-item__card-content\">\n\t\t\t\t\t<div class=\"timeline-item__meta\"><div class=\"timeline-item__meta-content\">1966<\/div><\/div><p class=\"timeline-item__card-title\">Cap\u00edtulo Jangadeiro da Sociedade de Honra Nacional<\/p><div class=\"timeline-item__card-desc\">A inicia\u00e7\u00e3o dos membros fundadores do Cap\u00edtulo Jangadeiro da Sociedade Nacional de Honra foi realizada na biblioteca da escola com uma recep\u00e7\u00e3o ap\u00f3s a cerim\u00f4nia para as fam\u00edlias dos membros fundadores. Dois Seniors, Cliff King e Dale Soules, e quatro Juniors, Gay Lofgreen, Scott Smith, Mark Pease e Gordon Williams foram indicados por performances excepcionais em Lideran\u00e7a, Servi\u00e7o, Bolsas de Estudo e Car\u00e1ter<\/div>\t\t\t\t<\/div>\n\t\t\t\t\t\t<\/div>\n\t\t<div class=\"timeline-item__card-arrow\"><\/div>\n\t<\/div>\n\t<div class=\"timeline-item__point\"><div class=\"timeline-item__point-content timeline-item__point-content--icon\"><span class=\"jet-elements-icon\"><i aria-hidden=\"true\" class=\"fas fa-circle\"><\/i><\/span><\/div><\/div><div class=\"timeline-item__meta\"><div class=\"timeline-item__meta-content\">1966<\/div><\/div><\/div><div class=\"jet-timeline-item  elementor-repeater-item-a739c15 jet-timeline-item--image-inside\">\n\t<div class=\"timeline-item__card\">\n\t\t<div class=\"timeline-item__card-inner\">\n\t\t\t\t<div class=\"timeline-item__card-img\"><img loading=\"lazy\" decoding=\"async\" width=\"591\" height=\"394\" src=\"https:\/\/www.ear.com.br\/wp-content\/uploads\/2021\/07\/1966-The-school-was-acredited-by-the-Southern-Association-of-Colleges-and-Schools.jpg\" class=\"attachment-full size-full\" alt=\"\" srcset=\"https:\/\/www.ear.com.br\/wp-content\/uploads\/2021\/07\/1966-The-school-was-acredited-by-the-Southern-Association-of-Colleges-and-Schools.jpg 591w, https:\/\/www.ear.com.br\/wp-content\/uploads\/2021\/07\/1966-The-school-was-acredited-by-the-Southern-Association-of-Colleges-and-Schools-300x200.jpg 300w\" sizes=\"auto, (max-width: 591px) 100vw, 591px\" \/><\/div>\t\t\t\t<div class=\"timeline-item__card-content\">\n\t\t\t\t\t<div class=\"timeline-item__meta\"><div class=\"timeline-item__meta-content\">1966<\/div><\/div><p class=\"timeline-item__card-title\">Acredita\u00e7\u00e3o e Associa\u00e7\u00e3o<\/p><div class=\"timeline-item__card-desc\">A escola foi acreditada pela Associa\u00e7\u00e3o de Faculdades e Escolas do Sul (SACS) e tamb\u00e9m se tornou membro da Associa\u00e7\u00e3o de Escolas Bi-Nacionais Americanas na Am\u00e9rica Latina.<\/div>\t\t\t\t<\/div>\n\t\t\t\t\t\t<\/div>\n\t\t<div class=\"timeline-item__card-arrow\"><\/div>\n\t<\/div>\n\t<div class=\"timeline-item__point\"><div class=\"timeline-item__point-content timeline-item__point-content--icon\"><span class=\"jet-elements-icon\"><i aria-hidden=\"true\" class=\"fas fa-circle\"><\/i><\/span><\/div><\/div><div class=\"timeline-item__meta\"><div class=\"timeline-item__meta-content\">1966<\/div><\/div><\/div><div class=\"jet-timeline-item  elementor-repeater-item-e5c1bee jet-timeline-item--image-inside\">\n\t<div class=\"timeline-item__card\">\n\t\t<div class=\"timeline-item__card-inner\">\n\t\t\t\t<div class=\"timeline-item__card-img\"><img loading=\"lazy\" decoding=\"async\" width=\"2560\" height=\"1946\" src=\"https:\/\/www.ear.com.br\/wp-content\/uploads\/2021\/07\/1970-A-typical-classroom-in-the-1970s-scaled.jpeg\" class=\"attachment-full size-full\" alt=\"\" srcset=\"https:\/\/www.ear.com.br\/wp-content\/uploads\/2021\/07\/1970-A-typical-classroom-in-the-1970s-scaled.jpeg 2560w, https:\/\/www.ear.com.br\/wp-content\/uploads\/2021\/07\/1970-A-typical-classroom-in-the-1970s-300x228.jpeg 300w, https:\/\/www.ear.com.br\/wp-content\/uploads\/2021\/07\/1970-A-typical-classroom-in-the-1970s-1024x778.jpeg 1024w, https:\/\/www.ear.com.br\/wp-content\/uploads\/2021\/07\/1970-A-typical-classroom-in-the-1970s-768x584.jpeg 768w, https:\/\/www.ear.com.br\/wp-content\/uploads\/2021\/07\/1970-A-typical-classroom-in-the-1970s-1536x1168.jpeg 1536w, https:\/\/www.ear.com.br\/wp-content\/uploads\/2021\/07\/1970-A-typical-classroom-in-the-1970s-2048x1557.jpeg 2048w, https:\/\/www.ear.com.br\/wp-content\/uploads\/2021\/07\/1970-A-typical-classroom-in-the-1970s-600x456.jpeg 600w\" sizes=\"auto, (max-width: 2560px) 100vw, 2560px\" \/><\/div>\t\t\t\t<div class=\"timeline-item__card-content\">\n\t\t\t\t\t<div class=\"timeline-item__meta\"><div class=\"timeline-item__meta-content\">1970<\/div><\/div><p class=\"timeline-item__card-title\">Uma sala de aula t\u00edpica na d\u00e9cada de 1970<\/p>\t\t\t\t<\/div>\n\t\t\t\t\t\t<\/div>\n\t\t<div class=\"timeline-item__card-arrow\"><\/div>\n\t<\/div>\n\t<div class=\"timeline-item__point\"><div class=\"timeline-item__point-content timeline-item__point-content--icon\"><span class=\"jet-elements-icon\"><i aria-hidden=\"true\" class=\"fas fa-circle\"><\/i><\/span><\/div><\/div><div class=\"timeline-item__meta\"><div class=\"timeline-item__meta-content\">1970<\/div><\/div><\/div><div class=\"jet-timeline-item  elementor-repeater-item-40e7a7a jet-timeline-item--image-inside\">\n\t<div class=\"timeline-item__card\">\n\t\t<div class=\"timeline-item__card-inner\">\n\t\t\t\t<div class=\"timeline-item__card-img\"><img loading=\"lazy\" decoding=\"async\" width=\"1139\" height=\"810\" src=\"https:\/\/www.ear.com.br\/wp-content\/uploads\/2021\/07\/Captura-de-Tela-2021-07-21-a\u0300s-23.57.24.png\" class=\"attachment-full size-full\" alt=\"\" srcset=\"https:\/\/www.ear.com.br\/wp-content\/uploads\/2021\/07\/Captura-de-Tela-2021-07-21-a\u0300s-23.57.24.png 1139w, https:\/\/www.ear.com.br\/wp-content\/uploads\/2021\/07\/Captura-de-Tela-2021-07-21-a\u0300s-23.57.24-300x213.png 300w, https:\/\/www.ear.com.br\/wp-content\/uploads\/2021\/07\/Captura-de-Tela-2021-07-21-a\u0300s-23.57.24-1024x728.png 1024w, https:\/\/www.ear.com.br\/wp-content\/uploads\/2021\/07\/Captura-de-Tela-2021-07-21-a\u0300s-23.57.24-768x546.png 768w, https:\/\/www.ear.com.br\/wp-content\/uploads\/2021\/07\/Captura-de-Tela-2021-07-21-a\u0300s-23.57.24-600x427.png 600w\" sizes=\"auto, (max-width: 1139px) 100vw, 1139px\" \/><\/div>\t\t\t\t<div class=\"timeline-item__card-content\">\n\t\t\t\t\t<div class=\"timeline-item__meta\"><div class=\"timeline-item__meta-content\">1975<\/div><\/div><p class=\"timeline-item__card-title\">1.\u00bas formandos de 1975<\/p>\t\t\t\t<\/div>\n\t\t\t\t\t\t<\/div>\n\t\t<div class=\"timeline-item__card-arrow\"><\/div>\n\t<\/div>\n\t<div class=\"timeline-item__point\"><div class=\"timeline-item__point-content timeline-item__point-content--icon\"><span class=\"jet-elements-icon\"><i aria-hidden=\"true\" class=\"fas fa-circle\"><\/i><\/span><\/div><\/div><div class=\"timeline-item__meta\"><div class=\"timeline-item__meta-content\">1975<\/div><\/div><\/div><div class=\"jet-timeline-item  elementor-repeater-item-911a5fb jet-timeline-item--image-inside\">\n\t<div class=\"timeline-item__card\">\n\t\t<div class=\"timeline-item__card-inner\">\n\t\t\t\t<div class=\"timeline-item__card-img\"><img loading=\"lazy\" decoding=\"async\" width=\"759\" height=\"344\" src=\"https:\/\/www.ear.com.br\/wp-content\/uploads\/2021\/07\/Captura-de-Tela-2021-07-21-a\u0300s-23.58.25.png\" class=\"attachment-full size-full\" alt=\"\" srcset=\"https:\/\/www.ear.com.br\/wp-content\/uploads\/2021\/07\/Captura-de-Tela-2021-07-21-a\u0300s-23.58.25.png 759w, https:\/\/www.ear.com.br\/wp-content\/uploads\/2021\/07\/Captura-de-Tela-2021-07-21-a\u0300s-23.58.25-300x136.png 300w, https:\/\/www.ear.com.br\/wp-content\/uploads\/2021\/07\/Captura-de-Tela-2021-07-21-a\u0300s-23.58.25-600x272.png 600w\" sizes=\"auto, (max-width: 759px) 100vw, 759px\" \/><\/div>\t\t\t\t<div class=\"timeline-item__card-content\">\n\t\t\t\t\t<div class=\"timeline-item__meta\"><div class=\"timeline-item__meta-content\">1977<\/div><\/div><p class=\"timeline-item__card-title\">EAR em 1977<\/p>\t\t\t\t<\/div>\n\t\t\t\t\t\t<\/div>\n\t\t<div class=\"timeline-item__card-arrow\"><\/div>\n\t<\/div>\n\t<div class=\"timeline-item__point\"><div class=\"timeline-item__point-content timeline-item__point-content--icon\"><span class=\"jet-elements-icon\"><i aria-hidden=\"true\" class=\"fas fa-circle\"><\/i><\/span><\/div><\/div><div class=\"timeline-item__meta\"><div class=\"timeline-item__meta-content\">1977<\/div><\/div><\/div><div class=\"jet-timeline-item  elementor-repeater-item-fe10c25 jet-timeline-item--image-inside\">\n\t<div class=\"timeline-item__card\">\n\t\t<div class=\"timeline-item__card-inner\">\n\t\t\t\t<div class=\"timeline-item__card-img\"><img loading=\"lazy\" decoding=\"async\" width=\"2560\" height=\"1819\" src=\"https:\/\/www.ear.com.br\/wp-content\/uploads\/2021\/07\/1982-inauguration-of-ECC-classrooms-scaled.jpg\" class=\"attachment-full size-full\" alt=\"\" srcset=\"https:\/\/www.ear.com.br\/wp-content\/uploads\/2021\/07\/1982-inauguration-of-ECC-classrooms-scaled.jpg 2560w, https:\/\/www.ear.com.br\/wp-content\/uploads\/2021\/07\/1982-inauguration-of-ECC-classrooms-300x213.jpg 300w, https:\/\/www.ear.com.br\/wp-content\/uploads\/2021\/07\/1982-inauguration-of-ECC-classrooms-1024x727.jpg 1024w, https:\/\/www.ear.com.br\/wp-content\/uploads\/2021\/07\/1982-inauguration-of-ECC-classrooms-768x546.jpg 768w, https:\/\/www.ear.com.br\/wp-content\/uploads\/2021\/07\/1982-inauguration-of-ECC-classrooms-1536x1091.jpg 1536w, https:\/\/www.ear.com.br\/wp-content\/uploads\/2021\/07\/1982-inauguration-of-ECC-classrooms-2048x1455.jpg 2048w, https:\/\/www.ear.com.br\/wp-content\/uploads\/2021\/07\/1982-inauguration-of-ECC-classrooms-600x426.jpg 600w\" sizes=\"auto, (max-width: 2560px) 100vw, 2560px\" \/><\/div>\t\t\t\t<div class=\"timeline-item__card-content\">\n\t\t\t\t\t<div class=\"timeline-item__meta\"><div class=\"timeline-item__meta-content\">1982<\/div><\/div><p class=\"timeline-item__card-title\"> Inaugura\u00e7\u00e3o das salas de aula do ECC<\/p>\t\t\t\t<\/div>\n\t\t\t\t\t\t<\/div>\n\t\t<div class=\"timeline-item__card-arrow\"><\/div>\n\t<\/div>\n\t<div class=\"timeline-item__point\"><div class=\"timeline-item__point-content timeline-item__point-content--icon\"><span class=\"jet-elements-icon\"><i aria-hidden=\"true\" class=\"fas fa-circle\"><\/i><\/span><\/div><\/div><div class=\"timeline-item__meta\"><div class=\"timeline-item__meta-content\">1982<\/div><\/div><\/div><div class=\"jet-timeline-item  elementor-repeater-item-bd85d7a jet-timeline-item--image-inside\">\n\t<div class=\"timeline-item__card\">\n\t\t<div class=\"timeline-item__card-inner\">\n\t\t\t\t<div class=\"timeline-item__card-img\"><img loading=\"lazy\" decoding=\"async\" width=\"2560\" height=\"1732\" src=\"https:\/\/www.ear.com.br\/wp-content\/uploads\/2021\/07\/1986-Construction-of-the-main-sports-court-scaled.jpg\" class=\"attachment-full size-full\" alt=\"\" srcset=\"https:\/\/www.ear.com.br\/wp-content\/uploads\/2021\/07\/1986-Construction-of-the-main-sports-court-scaled.jpg 2560w, https:\/\/www.ear.com.br\/wp-content\/uploads\/2021\/07\/1986-Construction-of-the-main-sports-court-300x203.jpg 300w, https:\/\/www.ear.com.br\/wp-content\/uploads\/2021\/07\/1986-Construction-of-the-main-sports-court-1024x693.jpg 1024w, https:\/\/www.ear.com.br\/wp-content\/uploads\/2021\/07\/1986-Construction-of-the-main-sports-court-768x520.jpg 768w, https:\/\/www.ear.com.br\/wp-content\/uploads\/2021\/07\/1986-Construction-of-the-main-sports-court-1536x1039.jpg 1536w, https:\/\/www.ear.com.br\/wp-content\/uploads\/2021\/07\/1986-Construction-of-the-main-sports-court-2048x1385.jpg 2048w, https:\/\/www.ear.com.br\/wp-content\/uploads\/2021\/07\/1986-Construction-of-the-main-sports-court-600x406.jpg 600w\" sizes=\"auto, (max-width: 2560px) 100vw, 2560px\" \/><\/div>\t\t\t\t<div class=\"timeline-item__card-content\">\n\t\t\t\t\t<div class=\"timeline-item__meta\"><div class=\"timeline-item__meta-content\">1986<\/div><\/div><p class=\"timeline-item__card-title\">Quadra de esportes principal<\/p><div class=\"timeline-item__card-desc\">A principal quadra de esportes da escola foi inaugurada.\n\n<\/div>\t\t\t\t<\/div>\n\t\t\t\t\t\t<\/div>\n\t\t<div class=\"timeline-item__card-arrow\"><\/div>\n\t<\/div>\n\t<div class=\"timeline-item__point\"><div class=\"timeline-item__point-content timeline-item__point-content--icon\"><span class=\"jet-elements-icon\"><i aria-hidden=\"true\" class=\"fas fa-circle\"><\/i><\/span><\/div><\/div><div class=\"timeline-item__meta\"><div class=\"timeline-item__meta-content\">1986<\/div><\/div><\/div><div class=\"jet-timeline-item  elementor-repeater-item-62f9a64 jet-timeline-item--image-inside\">\n\t<div class=\"timeline-item__card\">\n\t\t<div class=\"timeline-item__card-inner\">\n\t\t\t\t<div class=\"timeline-item__card-img\"><img loading=\"lazy\" decoding=\"async\" width=\"2560\" height=\"1630\" src=\"https:\/\/www.ear.com.br\/wp-content\/uploads\/2021\/07\/2006-\u2013-The-school-began-to-computerize-the-academic-and-financial-departments-scaled.jpg\" class=\"attachment-full size-full\" alt=\"\" srcset=\"https:\/\/www.ear.com.br\/wp-content\/uploads\/2021\/07\/2006-\u2013-The-school-began-to-computerize-the-academic-and-financial-departments-scaled.jpg 2560w, https:\/\/www.ear.com.br\/wp-content\/uploads\/2021\/07\/2006-\u2013-The-school-began-to-computerize-the-academic-and-financial-departments-300x191.jpg 300w, https:\/\/www.ear.com.br\/wp-content\/uploads\/2021\/07\/2006-\u2013-The-school-began-to-computerize-the-academic-and-financial-departments-1024x652.jpg 1024w, https:\/\/www.ear.com.br\/wp-content\/uploads\/2021\/07\/2006-\u2013-The-school-began-to-computerize-the-academic-and-financial-departments-768x489.jpg 768w, https:\/\/www.ear.com.br\/wp-content\/uploads\/2021\/07\/2006-\u2013-The-school-began-to-computerize-the-academic-and-financial-departments-1536x978.jpg 1536w, https:\/\/www.ear.com.br\/wp-content\/uploads\/2021\/07\/2006-\u2013-The-school-began-to-computerize-the-academic-and-financial-departments-2048x1304.jpg 2048w, https:\/\/www.ear.com.br\/wp-content\/uploads\/2021\/07\/2006-\u2013-The-school-began-to-computerize-the-academic-and-financial-departments-600x382.jpg 600w\" sizes=\"auto, (max-width: 2560px) 100vw, 2560px\" \/><\/div>\t\t\t\t<div class=\"timeline-item__card-content\">\n\t\t\t\t\t<div class=\"timeline-item__meta\"><div class=\"timeline-item__meta-content\">2006<\/div><\/div><p class=\"timeline-item__card-title\">EAR torna-se computadorizada<\/p><div class=\"timeline-item__card-desc\">A escola come\u00e7ou a informatizar os departamentos acad\u00eamicos e financeiros, instalando um sistema integrado de gest\u00e3o.<\/div>\t\t\t\t<\/div>\n\t\t\t\t\t\t<\/div>\n\t\t<div class=\"timeline-item__card-arrow\"><\/div>\n\t<\/div>\n\t<div class=\"timeline-item__point\"><div class=\"timeline-item__point-content timeline-item__point-content--icon\"><span class=\"jet-elements-icon\"><i aria-hidden=\"true\" class=\"fas fa-circle\"><\/i><\/span><\/div><\/div><div class=\"timeline-item__meta\"><div class=\"timeline-item__meta-content\">2006<\/div><\/div><\/div><div class=\"jet-timeline-item  elementor-repeater-item-57c2968 jet-timeline-item--image-inside\">\n\t<div class=\"timeline-item__card\">\n\t\t<div class=\"timeline-item__card-inner\">\n\t\t\t\t<div class=\"timeline-item__card-img\"><img loading=\"lazy\" decoding=\"async\" width=\"2560\" height=\"1700\" src=\"https:\/\/www.ear.com.br\/wp-content\/uploads\/2021\/07\/2007-\u2013-First-Nursery-scaled.jpeg\" class=\"attachment-full size-full\" alt=\"\" srcset=\"https:\/\/www.ear.com.br\/wp-content\/uploads\/2021\/07\/2007-\u2013-First-Nursery-scaled.jpeg 2560w, https:\/\/www.ear.com.br\/wp-content\/uploads\/2021\/07\/2007-\u2013-First-Nursery-300x199.jpeg 300w, https:\/\/www.ear.com.br\/wp-content\/uploads\/2021\/07\/2007-\u2013-First-Nursery-1024x680.jpeg 1024w, https:\/\/www.ear.com.br\/wp-content\/uploads\/2021\/07\/2007-\u2013-First-Nursery-768x510.jpeg 768w, https:\/\/www.ear.com.br\/wp-content\/uploads\/2021\/07\/2007-\u2013-First-Nursery-1536x1020.jpeg 1536w, https:\/\/www.ear.com.br\/wp-content\/uploads\/2021\/07\/2007-\u2013-First-Nursery-2048x1360.jpeg 2048w, https:\/\/www.ear.com.br\/wp-content\/uploads\/2021\/07\/2007-\u2013-First-Nursery-600x399.jpeg 600w\" sizes=\"auto, (max-width: 2560px) 100vw, 2560px\" \/><\/div>\t\t\t\t<div class=\"timeline-item__card-content\">\n\t\t\t\t\t<div class=\"timeline-item__meta\"><div class=\"timeline-item__meta-content\">2007<\/div><\/div><p class=\"timeline-item__card-title\">As aulas de ECC come\u00e7am na EAR<\/p><div class=\"timeline-item__card-desc\">As primeiras turmas do Nursery e do Pre-K3 come\u00e7am na EAR.<\/div>\t\t\t\t<\/div>\n\t\t\t\t\t\t<\/div>\n\t\t<div class=\"timeline-item__card-arrow\"><\/div>\n\t<\/div>\n\t<div class=\"timeline-item__point\"><div class=\"timeline-item__point-content timeline-item__point-content--icon\"><span class=\"jet-elements-icon\"><i aria-hidden=\"true\" class=\"fas fa-circle\"><\/i><\/span><\/div><\/div><div class=\"timeline-item__meta\"><div class=\"timeline-item__meta-content\">2007<\/div><\/div><\/div><div class=\"jet-timeline-item  elementor-repeater-item-f875545 jet-timeline-item--image-inside\">\n\t<div class=\"timeline-item__card\">\n\t\t<div class=\"timeline-item__card-inner\">\n\t\t\t\t<div class=\"timeline-item__card-img\"><img loading=\"lazy\" decoding=\"async\" width=\"1085\" height=\"628\" src=\"https:\/\/www.ear.com.br\/wp-content\/uploads\/2021\/07\/2012-jupitered.jpg\" class=\"attachment-full size-full\" alt=\"\" srcset=\"https:\/\/www.ear.com.br\/wp-content\/uploads\/2021\/07\/2012-jupitered.jpg 1085w, https:\/\/www.ear.com.br\/wp-content\/uploads\/2021\/07\/2012-jupitered-300x174.jpg 300w, https:\/\/www.ear.com.br\/wp-content\/uploads\/2021\/07\/2012-jupitered-1024x593.jpg 1024w, https:\/\/www.ear.com.br\/wp-content\/uploads\/2021\/07\/2012-jupitered-768x445.jpg 768w, https:\/\/www.ear.com.br\/wp-content\/uploads\/2021\/07\/2012-jupitered-600x347.jpg 600w\" sizes=\"auto, (max-width: 1085px) 100vw, 1085px\" \/><\/div>\t\t\t\t<div class=\"timeline-item__card-content\">\n\t\t\t\t\t<div class=\"timeline-item__meta\"><div class=\"timeline-item__meta-content\">2012<\/div><\/div><p class=\"timeline-item__card-title\">JupiterED<\/p><div class=\"timeline-item__card-desc\">A escola come\u00e7a a utilizer um sistema de gest\u00e3o educacional chamado JupiterED que integra atividades, notas, comunica\u00e7\u00e3o e relat\u00f3rios, facilitando e apoiando o aprendizado dos alunos.<\/div>\t\t\t\t<\/div>\n\t\t\t\t\t\t<\/div>\n\t\t<div class=\"timeline-item__card-arrow\"><\/div>\n\t<\/div>\n\t<div class=\"timeline-item__point\"><div class=\"timeline-item__point-content timeline-item__point-content--icon\"><span class=\"jet-elements-icon\"><i aria-hidden=\"true\" class=\"fas fa-circle\"><\/i><\/span><\/div><\/div><div class=\"timeline-item__meta\"><div class=\"timeline-item__meta-content\">2012<\/div><\/div><\/div><div class=\"jet-timeline-item  elementor-repeater-item-cea6e1e jet-timeline-item--image-inside\">\n\t<div class=\"timeline-item__card\">\n\t\t<div class=\"timeline-item__card-inner\">\n\t\t\t\t<div class=\"timeline-item__card-img\"><img loading=\"lazy\" decoding=\"async\" width=\"4000\" height=\"1125\" src=\"https:\/\/www.ear.com.br\/wp-content\/uploads\/2021\/07\/2013-Cognia.png\" class=\"attachment-full size-full\" alt=\"\" srcset=\"https:\/\/www.ear.com.br\/wp-content\/uploads\/2021\/07\/2013-Cognia.png 4000w, https:\/\/www.ear.com.br\/wp-content\/uploads\/2021\/07\/2013-Cognia-300x84.png 300w, https:\/\/www.ear.com.br\/wp-content\/uploads\/2021\/07\/2013-Cognia-1024x288.png 1024w, https:\/\/www.ear.com.br\/wp-content\/uploads\/2021\/07\/2013-Cognia-768x216.png 768w, https:\/\/www.ear.com.br\/wp-content\/uploads\/2021\/07\/2013-Cognia-1536x432.png 1536w, https:\/\/www.ear.com.br\/wp-content\/uploads\/2021\/07\/2013-Cognia-2048x576.png 2048w, https:\/\/www.ear.com.br\/wp-content\/uploads\/2021\/07\/2013-Cognia-600x169.png 600w\" sizes=\"auto, (max-width: 4000px) 100vw, 4000px\" \/><\/div>\t\t\t\t<div class=\"timeline-item__card-content\">\n\t\t\t\t\t<div class=\"timeline-item__meta\"><div class=\"timeline-item__meta-content\">2013<\/div><\/div><p class=\"timeline-item__card-title\">Cognia, anteriormente Advanced<\/p><div class=\"timeline-item__card-desc\">A escola recebeu o credenciamento da AdvancEd, uma organiza\u00e7\u00e3o n\u00e3o governamental sem fins lucrativos que credencia escolas prim\u00e1rias e secund\u00e1rias nos Estados Unidos e internacionalmente. Hoje se chama Cognia, nome que vem da palavra latina Cognitio, que significa conhecimento.<\/div>\t\t\t\t<\/div>\n\t\t\t\t\t\t<\/div>\n\t\t<div class=\"timeline-item__card-arrow\"><\/div>\n\t<\/div>\n\t<div class=\"timeline-item__point\"><div class=\"timeline-item__point-content timeline-item__point-content--icon\"><span class=\"jet-elements-icon\"><i aria-hidden=\"true\" class=\"fas fa-circle\"><\/i><\/span><\/div><\/div><div class=\"timeline-item__meta\"><div class=\"timeline-item__meta-content\">2013<\/div><\/div><\/div><div class=\"jet-timeline-item  elementor-repeater-item-5e5b445 jet-timeline-item--image-inside\">\n\t<div class=\"timeline-item__card\">\n\t\t<div class=\"timeline-item__card-inner\">\n\t\t\t\t<div class=\"timeline-item__card-img\"><img loading=\"lazy\" decoding=\"async\" width=\"2560\" height=\"1441\" src=\"https:\/\/www.ear.com.br\/wp-content\/uploads\/2021\/07\/2017-The-school_s-parking-lot-has-been-completely-renovated-and-paved-scaled.jpg\" class=\"attachment-full size-full\" alt=\"\" srcset=\"https:\/\/www.ear.com.br\/wp-content\/uploads\/2021\/07\/2017-The-school_s-parking-lot-has-been-completely-renovated-and-paved-scaled.jpg 2560w, https:\/\/www.ear.com.br\/wp-content\/uploads\/2021\/07\/2017-The-school_s-parking-lot-has-been-completely-renovated-and-paved-300x169.jpg 300w, https:\/\/www.ear.com.br\/wp-content\/uploads\/2021\/07\/2017-The-school_s-parking-lot-has-been-completely-renovated-and-paved-1024x576.jpg 1024w, https:\/\/www.ear.com.br\/wp-content\/uploads\/2021\/07\/2017-The-school_s-parking-lot-has-been-completely-renovated-and-paved-768x432.jpg 768w, https:\/\/www.ear.com.br\/wp-content\/uploads\/2021\/07\/2017-The-school_s-parking-lot-has-been-completely-renovated-and-paved-1536x864.jpg 1536w, https:\/\/www.ear.com.br\/wp-content\/uploads\/2021\/07\/2017-The-school_s-parking-lot-has-been-completely-renovated-and-paved-2048x1152.jpg 2048w, https:\/\/www.ear.com.br\/wp-content\/uploads\/2021\/07\/2017-The-school_s-parking-lot-has-been-completely-renovated-and-paved-150x85.jpg 150w, https:\/\/www.ear.com.br\/wp-content\/uploads\/2021\/07\/2017-The-school_s-parking-lot-has-been-completely-renovated-and-paved-1920x1080.jpg 1920w, https:\/\/www.ear.com.br\/wp-content\/uploads\/2021\/07\/2017-The-school_s-parking-lot-has-been-completely-renovated-and-paved-600x338.jpg 600w\" sizes=\"auto, (max-width: 2560px) 100vw, 2560px\" \/><\/div>\t\t\t\t<div class=\"timeline-item__card-content\">\n\t\t\t\t\t<div class=\"timeline-item__meta\"><div class=\"timeline-item__meta-content\">2017<\/div><\/div><p class=\"timeline-item__card-title\">Novo estacionamento<\/p><div class=\"timeline-item__card-desc\">O estacionamento da escola foi completamente renovado e pavimentado.\nA escola atingiu a marca de 500 alunos matriculados.<\/div>\t\t\t\t<\/div>\n\t\t\t\t\t\t<\/div>\n\t\t<div class=\"timeline-item__card-arrow\"><\/div>\n\t<\/div>\n\t<div class=\"timeline-item__point\"><div class=\"timeline-item__point-content timeline-item__point-content--icon\"><span class=\"jet-elements-icon\"><i aria-hidden=\"true\" class=\"fas fa-circle\"><\/i><\/span><\/div><\/div><div class=\"timeline-item__meta\"><div class=\"timeline-item__meta-content\">2017<\/div><\/div><\/div><div class=\"jet-timeline-item  elementor-repeater-item-44e6547 jet-timeline-item--image-inside\">\n\t<div class=\"timeline-item__card\">\n\t\t<div class=\"timeline-item__card-inner\">\n\t\t\t\t<div class=\"timeline-item__card-img\"><img loading=\"lazy\" decoding=\"async\" width=\"1158\" height=\"869\" src=\"https:\/\/www.ear.com.br\/wp-content\/uploads\/2021\/07\/2018-\u2013-A-new-building-for-the-MH-School-was-built.jpg\" class=\"attachment-full size-full\" alt=\"\" srcset=\"https:\/\/www.ear.com.br\/wp-content\/uploads\/2021\/07\/2018-\u2013-A-new-building-for-the-MH-School-was-built.jpg 1158w, https:\/\/www.ear.com.br\/wp-content\/uploads\/2021\/07\/2018-\u2013-A-new-building-for-the-MH-School-was-built-300x225.jpg 300w, https:\/\/www.ear.com.br\/wp-content\/uploads\/2021\/07\/2018-\u2013-A-new-building-for-the-MH-School-was-built-1024x768.jpg 1024w, https:\/\/www.ear.com.br\/wp-content\/uploads\/2021\/07\/2018-\u2013-A-new-building-for-the-MH-School-was-built-768x576.jpg 768w, https:\/\/www.ear.com.br\/wp-content\/uploads\/2021\/07\/2018-\u2013-A-new-building-for-the-MH-School-was-built-600x450.jpg 600w\" sizes=\"auto, (max-width: 1158px) 100vw, 1158px\" \/><\/div>\t\t\t\t<div class=\"timeline-item__card-content\">\n\t\t\t\t\t<div class=\"timeline-item__meta\"><div class=\"timeline-item__meta-content\">2018<\/div><\/div><p class=\"timeline-item__card-title\">Expans\u00e3o do Ensino Fundamental II e M\u00e9dio<\/p><div class=\"timeline-item__card-desc\">Inaugurado o novo pr\u00e9dio do Ensino fundamental II e M\u00e9dio com oito novas e modernas salas de aula.<br><br>\n\nA Equipe de Revis\u00e3o de Engajamento da AdvancED (Cognia) visitou a EAR e renovou o credenciamento americano da escola<\/div>\t\t\t\t<\/div>\n\t\t\t\t\t\t<\/div>\n\t\t<div class=\"timeline-item__card-arrow\"><\/div>\n\t<\/div>\n\t<div class=\"timeline-item__point\"><div class=\"timeline-item__point-content timeline-item__point-content--icon\"><span class=\"jet-elements-icon\"><i aria-hidden=\"true\" class=\"fas fa-circle\"><\/i><\/span><\/div><\/div><div class=\"timeline-item__meta\"><div class=\"timeline-item__meta-content\">2018<\/div><\/div><\/div><div class=\"jet-timeline-item  elementor-repeater-item-3b9531f jet-timeline-item--image-inside\">\n\t<div class=\"timeline-item__card\">\n\t\t<div class=\"timeline-item__card-inner\">\n\t\t\t\t<div class=\"timeline-item__card-img\"><img loading=\"lazy\" decoding=\"async\" width=\"683\" height=\"352\" src=\"https:\/\/www.ear.com.br\/wp-content\/uploads\/2021\/07\/2020-Foto-Teachers-EAD.jpg\" class=\"attachment-full size-full\" alt=\"\" srcset=\"https:\/\/www.ear.com.br\/wp-content\/uploads\/2021\/07\/2020-Foto-Teachers-EAD.jpg 683w, https:\/\/www.ear.com.br\/wp-content\/uploads\/2021\/07\/2020-Foto-Teachers-EAD-300x155.jpg 300w, https:\/\/www.ear.com.br\/wp-content\/uploads\/2021\/07\/2020-Foto-Teachers-EAD-600x309.jpg 600w\" sizes=\"auto, (max-width: 683px) 100vw, 683px\" \/><\/div>\t\t\t\t<div class=\"timeline-item__card-content\">\n\t\t\t\t\t<div class=\"timeline-item__meta\"><div class=\"timeline-item__meta-content\">2020<\/div><\/div><p class=\"timeline-item__card-title\">Pandemia Covid-19<\/p><div class=\"timeline-item__card-desc\">Devido a Pandemia da Covid 2019 a EAR implanta um modelo de ensino a dist\u00e2ncia.<\/div>\t\t\t\t<\/div>\n\t\t\t\t\t\t<\/div>\n\t\t<div class=\"timeline-item__card-arrow\"><\/div>\n\t<\/div>\n\t<div class=\"timeline-item__point\"><div class=\"timeline-item__point-content timeline-item__point-content--icon\"><span class=\"jet-elements-icon\"><i aria-hidden=\"true\" class=\"fas fa-circle\"><\/i><\/span><\/div><\/div><div class=\"timeline-item__meta\"><div class=\"timeline-item__meta-content\">2020<\/div><\/div><\/div><div class=\"jet-timeline-item  elementor-repeater-item-07a6921 jet-timeline-item--image-inside\">\n\t<div class=\"timeline-item__card\">\n\t\t<div class=\"timeline-item__card-inner\">\n\t\t\t\t<div class=\"timeline-item__card-img\"><img loading=\"lazy\" decoding=\"async\" width=\"1310\" height=\"874\" src=\"https:\/\/www.ear.com.br\/wp-content\/uploads\/2021\/07\/2020.2-\u2013-Class-of-2020-graduation-day.jpg\" class=\"attachment-full size-full\" alt=\"\" srcset=\"https:\/\/www.ear.com.br\/wp-content\/uploads\/2021\/07\/2020.2-\u2013-Class-of-2020-graduation-day.jpg 1310w, https:\/\/www.ear.com.br\/wp-content\/uploads\/2021\/07\/2020.2-\u2013-Class-of-2020-graduation-day-300x200.jpg 300w, https:\/\/www.ear.com.br\/wp-content\/uploads\/2021\/07\/2020.2-\u2013-Class-of-2020-graduation-day-1024x683.jpg 1024w, https:\/\/www.ear.com.br\/wp-content\/uploads\/2021\/07\/2020.2-\u2013-Class-of-2020-graduation-day-768x512.jpg 768w, https:\/\/www.ear.com.br\/wp-content\/uploads\/2021\/07\/2020.2-\u2013-Class-of-2020-graduation-day-600x400.jpg 600w\" sizes=\"auto, (max-width: 1310px) 100vw, 1310px\" \/><\/div>\t\t\t\t<div class=\"timeline-item__card-content\">\n\t\t\t\t\t<div class=\"timeline-item__meta\"><div class=\"timeline-item__meta-content\">2020<\/div><\/div><p class=\"timeline-item__card-title\">A turma de 2020 foi a primeira turma a se forma virtualmente.<\/p>\t\t\t\t<\/div>\n\t\t\t\t\t\t<\/div>\n\t\t<div class=\"timeline-item__card-arrow\"><\/div>\n\t<\/div>\n\t<div class=\"timeline-item__point\"><div class=\"timeline-item__point-content timeline-item__point-content--icon\"><span class=\"jet-elements-icon\"><i aria-hidden=\"true\" class=\"fas fa-circle\"><\/i><\/span><\/div><\/div><div class=\"timeline-item__meta\"><div class=\"timeline-item__meta-content\">2020<\/div><\/div><\/div><\/div><\/div><\/div>\t\t<\/div>\n\t\t\t\t<\/div>\n\t\t\t\t\t<\/div>\n\t\t<\/div>\n\t\t\t\t\t\t\t<\/div>\n\t\t<\/section>\n\t\t\t\t\t\t\t<\/div>\n\t\t","protected":false},"excerpt":{"rendered":"<p>Hist\u00f3ria 1956-1957 Igreja Presbiteriana da Madalena A Escola Americana do Recife nasceu durante o ano letivo de 1956-1957, quando duas m\u00e3es mission\u00e1rias come\u00e7aram a ensinar crian\u00e7as de quatro fam\u00edlias em [&hellip;]<\/p>\n","protected":false},"author":1,"featured_media":0,"parent":6462,"menu_order":0,"comment_status":"closed","ping_status":"closed","template":"elementor_header_footer","meta":{"footnotes":""},"class_list":["post-6557","page","type-page","status-publish","hentry"],"_links":{"self":[{"href":"https:\/\/www.ear.com.br\/pt-br\/wp-json\/wp\/v2\/pages\/6557","targetHints":{"allow":["GET"]}}],"collection":[{"href":"https:\/\/www.ear.com.br\/pt-br\/wp-json\/wp\/v2\/pages"}],"about":[{"href":"https:\/\/www.ear.com.br\/pt-br\/wp-json\/wp\/v2\/types\/page"}],"author":[{"embeddable":true,"href":"https:\/\/www.ear.com.br\/pt-br\/wp-json\/wp\/v2\/users\/1"}],"replies":[{"embeddable":true,"href":"https:\/\/www.ear.com.br\/pt-br\/wp-json\/wp\/v2\/comments?post=6557"}],"version-history":[{"count":14,"href":"https:\/\/www.ear.com.br\/pt-br\/wp-json\/wp\/v2\/pages\/6557\/revisions"}],"predecessor-version":[{"id":21056,"href":"https:\/\/www.ear.com.br\/pt-br\/wp-json\/wp\/v2\/pages\/6557\/revisions\/21056"}],"up":[{"embeddable":true,"href":"https:\/\/www.ear.com.br\/pt-br\/wp-json\/wp\/v2\/pages\/6462"}],"wp:attachment":[{"href":"https:\/\/www.ear.com.br\/pt-br\/wp-json\/wp\/v2\/media?parent=6557"}],"curies":[{"name":"wp","href":"https:\/\/api.w.org\/{rel}","templated":true}]}}